{"id":22989,"date":"2015-10-16T12:08:01","date_gmt":"2014-10-21T12:55:16","guid":{"rendered":"http:\/\/gruposanz.es\/?page_id=22989"},"modified":"2026-04-29T08:59:54","modified_gmt":"2026-04-29T06:59:54","slug":"accueil","status":"publish","type":"page","link":"https:\/\/gruposanz.es\/fr","title":{"rendered":"Accueil"},"content":{"rendered":"<div class=\"wpb-content-wrapper\"><p>[vc_row bg_type=&#8221;theme_default&#8221; css=&#8221;.vc_custom_1414487906646{margin-top: 0px !important;margin-right: 0px !important;margin-bottom: 0px !important;margin-left: 0px !important;padding-top: 0px !important;padding-right: 0px !important;padding-bottom: 0px !important;padding-left: 0px !important;}&#8221;][vc_column css=&#8221;.vc_custom_1414487856611{margin-bottom: 0px !important;}&#8221;][vc_raw_html]JTNDbGluayUyMGhyZWYlM0QlMjdodHRwJTNBJTJGJTJGZm9udHMuZ29vZ2xlYXBpcy5jb20lMkZjc3MlM0ZmYW1pbHklM0RNb250c2VycmF0JTNBNDAwJTJDNzAwJTI3JTIwcmVsJTNEJTI3c3R5bGVzaGVldCUyNyUyMHR5cGUlM0QlMjd0ZXh0JTJGY3NzJTI3JTNF[\/vc_raw_html][vc_raw_html][\/vc_raw_html][vc_raw_html]JTBB[\/vc_raw_html][\/vc_column][\/vc_row][vc_row full_width=&#8221;stretch_row_content_no_spaces&#8221; css=&#8221;.vc_custom_1632398715014{margin-bottom: 40px !important;}&#8221;][vc_column][vc_raw_html]JTNDdmlkZW8lMjBhdXRvcGxheSUyMG11dGVkJTIwbG9vcCUyMHdpZHRoJTNEJTIyMTAwJTI1JTIyJTNFJTBBJTIwJTIwJTNDc291cmNlJTIwc3JjJTNEJTIyaHR0cHMlM0ElMkYlMkZncnVwb3NhbnouZXMlMkZ3cC1jb250ZW50JTJGdXBsb2FkcyUyRjIwMjIlMkYwNyUyRmdydXBvLXNhbnotMjAyMi5tcDQlMjIlMjB0eXBlJTNEJTIydmlkZW8lMkZtcDQlMjIlM0UlMEFZb3VyJTIwYnJvd3NlciUyMGRvZXMlMjBub3QlMjBzdXBwb3J0JTIwdGhlJTIwdmlkZW8lMjB0YWcuJTBBJTNDJTJGdmlkZW8lM0U=[\/vc_raw_html][\/vc_column][\/vc_row][vc_row css=&#8221;.vc_custom_1564421824232{margin-bottom: 30px !important;}&#8221;][vc_column][vc_column_text css=&#8221;.vc_custom_1722338106410{margin-bottom: 0px !important;}&#8221;]<\/p>\n<h2 style=\"text-align: center;\">Catalogues<\/h2>\n<hr class=\"divider horizontal-break\" style=\"margin-top: 15px; margin-bottom: 13px; background: rgba(217,217,217,0.5);\" \/>\n<p>[\/vc_column_text][vc_row_inner el_class=&#8221;cambiocolorenlace&#8221;][vc_column_inner width=&#8221;1\/4&#8243;][vc_single_image image=&#8221;103832&#8243; img_size=&#8221;full&#8221; alignment=&#8221;center&#8221; onclick=&#8221;custom_link&#8221; img_link_target=&#8221;_blank&#8221; css=&#8221;.vc_custom_1759246745742{margin-bottom: 0px !important;}&#8221; link=&#8221;\/wp-content\/uploads\/catalogo\/catalogo-grupo-sanz-2025-2026.pdf&#8221;][vc_custom_heading text=&#8221;Catalogue g\u00e9n\u00e9ral Groupe Sanz 2025\/2026&#8243; font_container=&#8221;tag:h5|text_align:center&#8221; use_theme_fonts=&#8221;yes&#8221; css=&#8221;&#8221; link=&#8221;url:%2Fwp-content%2Fuploads%2Fcatalogo%2Fcatalogo-grupo-sanz-2025-2026.pdf|target:_blank|rel:nofollow&#8221;][\/vc_column_inner][vc_column_inner width=&#8221;1\/4&#8243;][vc_single_image image=&#8221;108016&#8243; img_size=&#8221;full&#8221; alignment=&#8221;center&#8221; onclick=&#8221;custom_link&#8221; img_link_target=&#8221;_blank&#8221; css=&#8221;.vc_custom_1777445976185{margin-bottom: 0px !important;}&#8221; link=&#8221;\/wp-content\/uploads\/catalogo\/catalogo-pulmic-industrial-public-animal-health-2026.pdf&#8221;][vc_custom_heading text=&#8221;Catalogue de pulv\u00e9risation industrielle&amp;animale&#8221; font_container=&#8221;tag:h5|text_align:center&#8221; use_theme_fonts=&#8221;yes&#8221; css=&#8221;&#8221; link=&#8221;url:%2Fwp-content%2Fuploads%2Fcatalogo%2Fcatalogo-pulmic-industrial-public-animal-health-2026.pdf|target:_blank|rel:nofollow&#8221;][\/vc_column_inner][vc_column_inner width=&#8221;1\/4&#8243;][vc_single_image image=&#8221;105139&#8243; img_size=&#8221;full&#8221; alignment=&#8221;center&#8221; onclick=&#8221;custom_link&#8221; img_link_target=&#8221;_blank&#8221; css=&#8221;.vc_custom_1764697254047{margin-bottom: 0px !important;}&#8221; link=&#8221;\/wp-content\/uploads\/libros\/libro-de despieces-poda.pdf&#8221;][vc_custom_heading text=&#8221;Livre des pi\u00e8ces de taille&#8221; font_container=&#8221;tag:h5|text_align:center&#8221; use_theme_fonts=&#8221;yes&#8221; css=&#8221;&#8221; link=&#8221;url:%2Fwp-content%2Fuploads%2Flibros%2Flibro-de%20despieces-poda.pdf|target:_blank|rel:nofollow&#8221;][\/vc_column_inner][vc_column_inner width=&#8221;1\/4&#8243;][vc_single_image image=&#8221;105144&#8243; img_size=&#8221;full&#8221; alignment=&#8221;center&#8221; onclick=&#8221;custom_link&#8221; img_link_target=&#8221;_blank&#8221; css=&#8221;.vc_custom_1764697265009{margin-bottom: 0px !important;}&#8221; link=&#8221;\/wp-content\/uploads\/libros\/libro-de-despieces-pulverizacion.pdf&#8221;][vc_custom_heading text=&#8221;Livre des pi\u00e8ces de pulv\u00e9risation&#8221; font_container=&#8221;tag:h5|text_align:center&#8221; use_theme_fonts=&#8221;yes&#8221; css=&#8221;&#8221; link=&#8221;url:%2Fwp-content%2Fuploads%2Flibros%2Flibro-de-despieces-pulverizacion.pdf|target:_blank|rel:nofollow&#8221;][\/vc_column_inner][\/vc_row_inner][vc_separator type=&#8221;space&#8221;][vc_separator type=&#8221;space&#8221;][\/vc_column][\/vc_row][vc_row css=&#8221;.vc_custom_1725460025502{margin-bottom: 0px !important;}&#8221;][vc_column][vc_column_text css=&#8221;&#8221;]<\/p>\n<h2 style=\"text-align: center;\">NOUVEAUT\u00c9S EN TAILLE ET PULV\u00c9RISATION \u00c9LECTRIQUES<\/h2>\n<hr class=\"divider horizontal-break\" style=\"margin-top: 15px; margin-bottom: 13px; background: rgba(217,217,217,0.5);\" \/>\n<p>[\/vc_column_text][\/vc_column][\/vc_row][vc_row][vc_column]<div class=\"woocommerce\">                        <div class=\"row products-loop products-grid row-count-4 columns-4\">\n\n                \n                    <div class=\"first col-lg-4 col-sm-4 col-xs-6 wishlist-disabled product type-product post-81268 status-publish instock product_cat-demande-electrique-fr product_cat-gamme-speciale-covid product_cat-industriel product_cat-pulverisateurs-electriques-fr product_tag-produits-pulmic has-post-thumbnail shipping-taxable product-type-simple\">\n        <div class=\"content-product\">\n        <div class=\"label-product \">\n\n    \t\t<div class=\"type-label-1\">\n\t\t\t<div class=\"new\">New<\/div>\n\t\t<\/div>\n    \n\t    \n<\/div>\n<img loading=\"lazy\" decoding=\"async\" width=\"360\" height=\"360\" src=\"https:\/\/gruposanz.es\/wp-content\/uploads\/2023\/05\/INDUSTRIAL_35_001-1-360x360.jpg\" class=\"attachment-woocommerce_thumbnail size-woocommerce_thumbnail\" alt=\"Pulverizador el\u00e9ctrico Pulmic Industrial 35\" srcset=\"https:\/\/gruposanz.es\/wp-content\/uploads\/2023\/05\/INDUSTRIAL_35_001-1-360x360.jpg 360w, https:\/\/gruposanz.es\/wp-content\/uploads\/2023\/05\/INDUSTRIAL_35_001-1-262x262.jpg 262w, https:\/\/gruposanz.es\/wp-content\/uploads\/2023\/05\/INDUSTRIAL_35_001-1-1024x1024.jpg 1024w, https:\/\/gruposanz.es\/wp-content\/uploads\/2023\/05\/INDUSTRIAL_35_001-1-150x150.jpg 150w, https:\/\/gruposanz.es\/wp-content\/uploads\/2023\/05\/INDUSTRIAL_35_001-1-768x768.jpg 768w, https:\/\/gruposanz.es\/wp-content\/uploads\/2023\/05\/INDUSTRIAL_35_001-1-555x555.jpg 555w, https:\/\/gruposanz.es\/wp-content\/uploads\/2023\/05\/INDUSTRIAL_35_001-1-100x100.jpg 100w, https:\/\/gruposanz.es\/wp-content\/uploads\/2023\/05\/INDUSTRIAL_35_001-1.jpg 1115w\" sizes=\"auto, (max-width: 360px) 100vw, 360px\" \/>        <div class=\"product-image-wrapper hover-effect-disable\">\n                <a class=\"product-content-image\" href=\"https:\/\/gruposanz.es\/fr\/producto\/pulverisateur-pulmic-industrial-35-auto-clean\" data-images=\"https:\/\/gruposanz.es\/wp-content\/uploads\/2023\/05\/INDUSTRIAL_35_001-1.jpg,https:\/\/gruposanz.es\/wp-content\/uploads\/2023\/05\/INDUSTRIAL_35_002-1.jpg,https:\/\/gruposanz.es\/wp-content\/uploads\/2023\/05\/INDUSTRIAL_35_003-1.jpg,https:\/\/gruposanz.es\/wp-content\/uploads\/2023\/05\/INDUSTRIAL_35_005-1.jpg\">\n                    <div class=\"label-product \">\n\n    \t\t<div class=\"type-label-1\">\n\t\t\t<div class=\"new\">New<\/div>\n\t\t<\/div>\n    \n\t    \n<\/div>\n                                        <img loading=\"lazy\" decoding=\"async\" width=\"360\" height=\"360\" src=\"https:\/\/gruposanz.es\/wp-content\/uploads\/2023\/05\/INDUSTRIAL_35_001-1-360x360.jpg\" class=\"attachment-woocommerce_thumbnail size-woocommerce_thumbnail wp-post-image\" alt=\"Pulv\u00e9risateur \u00e9lectrique Pulmic Industrial 35 Auto-clean\" title=\"Pulv\u00e9risateur \u00e9lectrique Pulmic Industrial 35 Auto-clean\" srcset=\"https:\/\/gruposanz.es\/wp-content\/uploads\/2023\/05\/INDUSTRIAL_35_001-1-360x360.jpg 360w, https:\/\/gruposanz.es\/wp-content\/uploads\/2023\/05\/INDUSTRIAL_35_001-1-262x262.jpg 262w, https:\/\/gruposanz.es\/wp-content\/uploads\/2023\/05\/INDUSTRIAL_35_001-1-1024x1024.jpg 1024w, https:\/\/gruposanz.es\/wp-content\/uploads\/2023\/05\/INDUSTRIAL_35_001-1-150x150.jpg 150w, https:\/\/gruposanz.es\/wp-content\/uploads\/2023\/05\/INDUSTRIAL_35_001-1-768x768.jpg 768w, https:\/\/gruposanz.es\/wp-content\/uploads\/2023\/05\/INDUSTRIAL_35_001-1-555x555.jpg 555w, https:\/\/gruposanz.es\/wp-content\/uploads\/2023\/05\/INDUSTRIAL_35_001-1-100x100.jpg 100w, https:\/\/gruposanz.es\/wp-content\/uploads\/2023\/05\/INDUSTRIAL_35_001-1.jpg 1115w\" sizes=\"auto, (max-width: 360px) 100vw, 360px\" \/>                                    <\/a>\n                        <\/div>\n\n        <div class=\"text-center product-details\">\n            \n                            <div class=\"product-title\">\n                   <a href=\"https:\/\/gruposanz.es\/fr\/producto\/pulverisateur-pulmic-industrial-35-auto-clean\">Pulv\u00e9risateur \u00e9lectrique Pulmic Industrial 35 Auto-clean<\/a>\n                <\/div>\n            \n            \n            <div class=\"product-excerpt\">\n                <h2 style=\"text-align: center;\"><span style=\"color: #ffffff;\"><strong>Produits sont utilis\u00e9s pour les traitements les plus exigeantes telles que des ateliers industriels, la d\u00e9sinfection, le nettoyage et l\u2019automobile.<\/strong><\/span><\/h2>            <\/div>\n\n                    <\/div>\n    <\/div>\n<\/div>\n\n                \n                    <div class=\"col-lg-4 col-sm-4 col-xs-6 wishlist-disabled product type-product post-25937 status-publish last instock product_cat-application-manuelle-industriel product_cat-industriel product_cat-pression-precedente-manuelle-industriel product_tag-produits-pulmic has-post-thumbnail shipping-taxable product-type-simple\">\n        <div class=\"content-product\">\n        <div class=\"label-product \">\n\n    \t\t<div class=\"type-label-1\">\n\t\t\t<div class=\"new\">New<\/div>\n\t\t<\/div>\n    \n\t    \n<\/div>\n<img loading=\"lazy\" decoding=\"async\" width=\"360\" height=\"360\" src=\"https:\/\/gruposanz.es\/wp-content\/uploads\/2016\/01\/INDUSTRIAL_7_HYDRA_001-1-360x360.jpg\" class=\"attachment-woocommerce_thumbnail size-woocommerce_thumbnail\" alt=\"Pulverizador Pulmic Industrial 7 HYDRA\" srcset=\"https:\/\/gruposanz.es\/wp-content\/uploads\/2016\/01\/INDUSTRIAL_7_HYDRA_001-1-360x360.jpg 360w, https:\/\/gruposanz.es\/wp-content\/uploads\/2016\/01\/INDUSTRIAL_7_HYDRA_001-1-262x262.jpg 262w, https:\/\/gruposanz.es\/wp-content\/uploads\/2016\/01\/INDUSTRIAL_7_HYDRA_001-1-1024x1024.jpg 1024w, https:\/\/gruposanz.es\/wp-content\/uploads\/2016\/01\/INDUSTRIAL_7_HYDRA_001-1-150x150.jpg 150w, https:\/\/gruposanz.es\/wp-content\/uploads\/2016\/01\/INDUSTRIAL_7_HYDRA_001-1-768x767.jpg 768w, https:\/\/gruposanz.es\/wp-content\/uploads\/2016\/01\/INDUSTRIAL_7_HYDRA_001-1-1536x1534.jpg 1536w, https:\/\/gruposanz.es\/wp-content\/uploads\/2016\/01\/INDUSTRIAL_7_HYDRA_001-1-555x554.jpg 555w, https:\/\/gruposanz.es\/wp-content\/uploads\/2016\/01\/INDUSTRIAL_7_HYDRA_001-1-100x100.jpg 100w, https:\/\/gruposanz.es\/wp-content\/uploads\/2016\/01\/INDUSTRIAL_7_HYDRA_001-1.jpg 1618w\" sizes=\"auto, (max-width: 360px) 100vw, 360px\" \/>        <div class=\"product-image-wrapper hover-effect-disable\">\n                <a class=\"product-content-image\" href=\"https:\/\/gruposanz.es\/fr\/producto\/pulverisateur-pulmic-industrial-7-hydra\" data-images=\"https:\/\/gruposanz.es\/wp-content\/uploads\/2016\/01\/INDUSTRIAL_7_HYDRA_001-1.jpg,https:\/\/gruposanz.es\/wp-content\/uploads\/2016\/01\/INDUSTRIAL_7_HYDRA_002.jpg,https:\/\/gruposanz.es\/wp-content\/uploads\/2016\/01\/INDUSTRIAL_7_HYDRA_003.jpg\">\n                    <div class=\"label-product \">\n\n    \t\t<div class=\"type-label-1\">\n\t\t\t<div class=\"new\">New<\/div>\n\t\t<\/div>\n    \n\t    \n<\/div>\n                                        <img loading=\"lazy\" decoding=\"async\" width=\"360\" height=\"360\" src=\"https:\/\/gruposanz.es\/wp-content\/uploads\/2016\/01\/INDUSTRIAL_7_HYDRA_001-1-360x360.jpg\" class=\"attachment-woocommerce_thumbnail size-woocommerce_thumbnail wp-post-image\" alt=\"Pulv\u00e9risateur Pulmic Industrial 7 Hydra\" title=\"Pulv\u00e9risateur Pulmic Industrial 7 Hydra\" srcset=\"https:\/\/gruposanz.es\/wp-content\/uploads\/2016\/01\/INDUSTRIAL_7_HYDRA_001-1-360x360.jpg 360w, https:\/\/gruposanz.es\/wp-content\/uploads\/2016\/01\/INDUSTRIAL_7_HYDRA_001-1-262x262.jpg 262w, https:\/\/gruposanz.es\/wp-content\/uploads\/2016\/01\/INDUSTRIAL_7_HYDRA_001-1-1024x1024.jpg 1024w, https:\/\/gruposanz.es\/wp-content\/uploads\/2016\/01\/INDUSTRIAL_7_HYDRA_001-1-150x150.jpg 150w, https:\/\/gruposanz.es\/wp-content\/uploads\/2016\/01\/INDUSTRIAL_7_HYDRA_001-1-768x767.jpg 768w, https:\/\/gruposanz.es\/wp-content\/uploads\/2016\/01\/INDUSTRIAL_7_HYDRA_001-1-1536x1534.jpg 1536w, https:\/\/gruposanz.es\/wp-content\/uploads\/2016\/01\/INDUSTRIAL_7_HYDRA_001-1-555x554.jpg 555w, https:\/\/gruposanz.es\/wp-content\/uploads\/2016\/01\/INDUSTRIAL_7_HYDRA_001-1-100x100.jpg 100w, https:\/\/gruposanz.es\/wp-content\/uploads\/2016\/01\/INDUSTRIAL_7_HYDRA_001-1.jpg 1618w\" sizes=\"auto, (max-width: 360px) 100vw, 360px\" \/>                                    <\/a>\n                        <\/div>\n\n        <div class=\"text-center product-details\">\n            \n                            <div class=\"product-title\">\n                   <a href=\"https:\/\/gruposanz.es\/fr\/producto\/pulverisateur-pulmic-industrial-7-hydra\">Pulv\u00e9risateur Pulmic Industrial 7 Hydra<\/a>\n                <\/div>\n            \n            \n            <div class=\"product-excerpt\">\n                <h2 style=\"text-align: center;\"><span style=\"color: #ffffff;\"><strong>Produits sont utilis\u00e9s pour les traitements les plus exigeantes telles que des ateliers industriels, la d\u00e9sinfection, le nettoyage et l\u2019automobile.<\/strong><\/span><\/h2>            <\/div>\n\n                    <\/div>\n    <\/div>\n<\/div>\n\n                \n                    <div class=\"first col-lg-4 col-sm-4 col-xs-6 wishlist-disabled product type-product post-30961 status-publish instock product_cat-application-manuelle-industriel product_cat-industriel product_cat-pression-precedente-manuelle-industriel product_tag-produits-pulmic has-post-thumbnail shipping-taxable product-type-simple\">\n        <div class=\"content-product\">\n        <div class=\"label-product full-width-label\">\n\n    \t\t<div class=\"type-label-1\">\n\t\t\t<div class=\"new\">New<\/div>\n\t\t<\/div>\n    \n\t    \n<\/div>\n<img loading=\"lazy\" decoding=\"async\" width=\"360\" height=\"360\" src=\"https:\/\/gruposanz.es\/wp-content\/uploads\/2018\/03\/PULMIC_INDUSTRIAL_EPDM_001-360x360.jpg\" class=\"attachment-woocommerce_thumbnail size-woocommerce_thumbnail\" alt=\"Pulverizador Pulmic Industrial 7 EPDM\" srcset=\"https:\/\/gruposanz.es\/wp-content\/uploads\/2018\/03\/PULMIC_INDUSTRIAL_EPDM_001-360x360.jpg 360w, https:\/\/gruposanz.es\/wp-content\/uploads\/2018\/03\/PULMIC_INDUSTRIAL_EPDM_001-262x262.jpg 262w, https:\/\/gruposanz.es\/wp-content\/uploads\/2018\/03\/PULMIC_INDUSTRIAL_EPDM_001-1024x1024.jpg 1024w, https:\/\/gruposanz.es\/wp-content\/uploads\/2018\/03\/PULMIC_INDUSTRIAL_EPDM_001-150x150.jpg 150w, https:\/\/gruposanz.es\/wp-content\/uploads\/2018\/03\/PULMIC_INDUSTRIAL_EPDM_001-768x768.jpg 768w, https:\/\/gruposanz.es\/wp-content\/uploads\/2018\/03\/PULMIC_INDUSTRIAL_EPDM_001-555x555.jpg 555w, https:\/\/gruposanz.es\/wp-content\/uploads\/2018\/03\/PULMIC_INDUSTRIAL_EPDM_001-100x100.jpg 100w, https:\/\/gruposanz.es\/wp-content\/uploads\/2018\/03\/PULMIC_INDUSTRIAL_EPDM_001.jpg 1200w\" sizes=\"auto, (max-width: 360px) 100vw, 360px\" \/>        <div class=\"product-image-wrapper hover-effect-disable\">\n                <a class=\"product-content-image\" href=\"https:\/\/gruposanz.es\/fr\/producto\/pulmic-industrial-7-epdm-3\" data-images=\"\">\n                    <div class=\"label-product full-width-label\">\n\n    \t\t<div class=\"type-label-1\">\n\t\t\t<div class=\"new\">New<\/div>\n\t\t<\/div>\n    \n\t    \n<\/div>\n                                        <img loading=\"lazy\" decoding=\"async\" width=\"360\" height=\"360\" src=\"https:\/\/gruposanz.es\/wp-content\/uploads\/2018\/03\/PULMIC_INDUSTRIAL_EPDM_001-360x360.jpg\" class=\"attachment-woocommerce_thumbnail size-woocommerce_thumbnail wp-post-image\" alt=\"Pulv\u00e9risateur Pulmic Industrial 7 EPDM\" title=\"Pulv\u00e9risateur Pulmic Industrial 7 EPDM\" srcset=\"https:\/\/gruposanz.es\/wp-content\/uploads\/2018\/03\/PULMIC_INDUSTRIAL_EPDM_001-360x360.jpg 360w, https:\/\/gruposanz.es\/wp-content\/uploads\/2018\/03\/PULMIC_INDUSTRIAL_EPDM_001-262x262.jpg 262w, https:\/\/gruposanz.es\/wp-content\/uploads\/2018\/03\/PULMIC_INDUSTRIAL_EPDM_001-1024x1024.jpg 1024w, https:\/\/gruposanz.es\/wp-content\/uploads\/2018\/03\/PULMIC_INDUSTRIAL_EPDM_001-150x150.jpg 150w, https:\/\/gruposanz.es\/wp-content\/uploads\/2018\/03\/PULMIC_INDUSTRIAL_EPDM_001-768x768.jpg 768w, https:\/\/gruposanz.es\/wp-content\/uploads\/2018\/03\/PULMIC_INDUSTRIAL_EPDM_001-555x555.jpg 555w, https:\/\/gruposanz.es\/wp-content\/uploads\/2018\/03\/PULMIC_INDUSTRIAL_EPDM_001-100x100.jpg 100w, https:\/\/gruposanz.es\/wp-content\/uploads\/2018\/03\/PULMIC_INDUSTRIAL_EPDM_001.jpg 1200w\" sizes=\"auto, (max-width: 360px) 100vw, 360px\" \/>                                    <\/a>\n                        <\/div>\n\n        <div class=\"text-center product-details\">\n            \n                            <div class=\"product-title\">\n                   <a href=\"https:\/\/gruposanz.es\/fr\/producto\/pulmic-industrial-7-epdm-3\">Pulv\u00e9risateur Pulmic Industrial 7 EPDM<\/a>\n                <\/div>\n            \n            \n            <div class=\"product-excerpt\">\n                <h2 style=\"text-align: center;\"><span style=\"color: #ffffff;\"><strong>Produits sont utilis\u00e9s pour les traitements les plus exigeantes telles que des ateliers industriels, la d\u00e9sinfection, le nettoyage et l\u2019automobile.<\/strong><\/span><\/h2>            <\/div>\n\n                    <\/div>\n    <\/div>\n<\/div>\n\n                \n                    <div class=\"col-lg-4 col-sm-4 col-xs-6 wishlist-disabled product type-product post-25962 status-publish last instock product_cat-agricole product_cat-application-manuelle product_cat-pression-precedente product_tag-produits-pulmic has-post-thumbnail shipping-taxable product-type-simple\">\n        <div class=\"content-product\">\n        <div class=\"label-product full-width-label\">\n\n    \t\t<div class=\"type-label-1\">\n\t\t\t<div class=\"new\">New<\/div>\n\t\t<\/div>\n    \n\t    \n<\/div>\n<img loading=\"lazy\" decoding=\"async\" width=\"360\" height=\"360\" src=\"https:\/\/gruposanz.es\/wp-content\/uploads\/2016\/01\/Raptor_7_001-360x360.jpg\" class=\"attachment-woocommerce_thumbnail size-woocommerce_thumbnail\" alt=\"Pulverizador Pulmic Raptor 7\" srcset=\"https:\/\/gruposanz.es\/wp-content\/uploads\/2016\/01\/Raptor_7_001-360x360.jpg 360w, https:\/\/gruposanz.es\/wp-content\/uploads\/2016\/01\/Raptor_7_001-262x262.jpg 262w, https:\/\/gruposanz.es\/wp-content\/uploads\/2016\/01\/Raptor_7_001-1024x1024.jpg 1024w, https:\/\/gruposanz.es\/wp-content\/uploads\/2016\/01\/Raptor_7_001-150x150.jpg 150w, https:\/\/gruposanz.es\/wp-content\/uploads\/2016\/01\/Raptor_7_001-768x768.jpg 768w, https:\/\/gruposanz.es\/wp-content\/uploads\/2016\/01\/Raptor_7_001-555x555.jpg 555w, https:\/\/gruposanz.es\/wp-content\/uploads\/2016\/01\/Raptor_7_001-100x100.jpg 100w, https:\/\/gruposanz.es\/wp-content\/uploads\/2016\/01\/Raptor_7_001.jpg 1200w\" sizes=\"auto, (max-width: 360px) 100vw, 360px\" \/>        <div class=\"product-image-wrapper hover-effect-disable\">\n                <a class=\"product-content-image\" href=\"https:\/\/gruposanz.es\/fr\/producto\/pulmic-raptor-7-3\" data-images=\"\">\n                    <div class=\"label-product full-width-label\">\n\n    \t\t<div class=\"type-label-1\">\n\t\t\t<div class=\"new\">New<\/div>\n\t\t<\/div>\n    \n\t    \n<\/div>\n                                        <img loading=\"lazy\" decoding=\"async\" width=\"360\" height=\"360\" src=\"https:\/\/gruposanz.es\/wp-content\/uploads\/2016\/01\/Raptor_7_001-360x360.jpg\" class=\"attachment-woocommerce_thumbnail size-woocommerce_thumbnail wp-post-image\" alt=\"Pulv\u00e9risateur Pulmic Raptor 7\" title=\"Pulv\u00e9risateur Pulmic Raptor 7\" srcset=\"https:\/\/gruposanz.es\/wp-content\/uploads\/2016\/01\/Raptor_7_001-360x360.jpg 360w, https:\/\/gruposanz.es\/wp-content\/uploads\/2016\/01\/Raptor_7_001-262x262.jpg 262w, https:\/\/gruposanz.es\/wp-content\/uploads\/2016\/01\/Raptor_7_001-1024x1024.jpg 1024w, https:\/\/gruposanz.es\/wp-content\/uploads\/2016\/01\/Raptor_7_001-150x150.jpg 150w, https:\/\/gruposanz.es\/wp-content\/uploads\/2016\/01\/Raptor_7_001-768x768.jpg 768w, https:\/\/gruposanz.es\/wp-content\/uploads\/2016\/01\/Raptor_7_001-555x555.jpg 555w, https:\/\/gruposanz.es\/wp-content\/uploads\/2016\/01\/Raptor_7_001-100x100.jpg 100w, https:\/\/gruposanz.es\/wp-content\/uploads\/2016\/01\/Raptor_7_001.jpg 1200w\" sizes=\"auto, (max-width: 360px) 100vw, 360px\" \/>                                    <\/a>\n                        <\/div>\n\n        <div class=\"text-center product-details\">\n            \n                            <div class=\"product-title\">\n                   <a href=\"https:\/\/gruposanz.es\/fr\/producto\/pulmic-raptor-7-3\">Pulv\u00e9risateur Pulmic Raptor 7<\/a>\n                <\/div>\n            \n            \n            <div class=\"product-excerpt\">\n                <h2 style=\"text-align: center;\"><span style=\"color: #ffffff;\"><strong>Pulv\u00e9risateurs \u00e9lectriques et manuels pour les applications de agriculture <\/strong><\/span><\/h2>            <\/div>\n\n                    <\/div>\n    <\/div>\n<\/div>\n\n                \n                    <div class=\"first col-lg-4 col-sm-4 col-xs-6 wishlist-disabled product type-product post-103408 status-publish instock product_cat-ciseaux-jar product_cat-taille-haie product_cat-garden-fr product_cat-accueil-fournitures product_tag-kamikaze-garden-fr product_tag-produits-kamikaze has-post-thumbnail shipping-taxable product-type-simple\">\n        <div class=\"content-product\">\n        <div class=\"label-product \">\n\n    \t\t<div class=\"type-label-1\">\n\t\t\t<div class=\"new\">New<\/div>\n\t\t<\/div>\n    \n\t    \n<\/div>\n<img loading=\"lazy\" decoding=\"async\" width=\"360\" height=\"360\" src=\"https:\/\/gruposanz.es\/wp-content\/uploads\/2025\/09\/KM-32_001-360x360.jpg\" class=\"attachment-woocommerce_thumbnail size-woocommerce_thumbnail\" alt=\"Tijera Cortasetos KM-32\" srcset=\"https:\/\/gruposanz.es\/wp-content\/uploads\/2025\/09\/KM-32_001-360x360.jpg 360w, https:\/\/gruposanz.es\/wp-content\/uploads\/2025\/09\/KM-32_001-262x262.jpg 262w, https:\/\/gruposanz.es\/wp-content\/uploads\/2025\/09\/KM-32_001-1024x1024.jpg 1024w, https:\/\/gruposanz.es\/wp-content\/uploads\/2025\/09\/KM-32_001-150x150.jpg 150w, https:\/\/gruposanz.es\/wp-content\/uploads\/2025\/09\/KM-32_001-768x768.jpg 768w, https:\/\/gruposanz.es\/wp-content\/uploads\/2025\/09\/KM-32_001-555x555.jpg 555w, https:\/\/gruposanz.es\/wp-content\/uploads\/2025\/09\/KM-32_001-100x100.jpg 100w, https:\/\/gruposanz.es\/wp-content\/uploads\/2025\/09\/KM-32_001.jpg 1200w\" sizes=\"auto, (max-width: 360px) 100vw, 360px\" \/>        <div class=\"product-image-wrapper hover-effect-disable\">\n                <a class=\"product-content-image\" href=\"https:\/\/gruposanz.es\/fr\/producto\/cisailles-a-haies-km-32\" data-images=\"https:\/\/gruposanz.es\/wp-content\/uploads\/2025\/09\/KM-32_001.jpg,https:\/\/gruposanz.es\/wp-content\/uploads\/2025\/09\/KM-32_002.jpg\">\n                    <div class=\"label-product \">\n\n    \t\t<div class=\"type-label-1\">\n\t\t\t<div class=\"new\">New<\/div>\n\t\t<\/div>\n    \n\t    \n<\/div>\n                                        <img loading=\"lazy\" decoding=\"async\" width=\"360\" height=\"360\" src=\"https:\/\/gruposanz.es\/wp-content\/uploads\/2025\/09\/KM-32_001-360x360.jpg\" class=\"attachment-woocommerce_thumbnail size-woocommerce_thumbnail wp-post-image\" alt=\"Cisailles \u00c0 Haies KM-32\" title=\"Cisailles \u00c0 Haies KM-32\" srcset=\"https:\/\/gruposanz.es\/wp-content\/uploads\/2025\/09\/KM-32_001-360x360.jpg 360w, https:\/\/gruposanz.es\/wp-content\/uploads\/2025\/09\/KM-32_001-262x262.jpg 262w, https:\/\/gruposanz.es\/wp-content\/uploads\/2025\/09\/KM-32_001-1024x1024.jpg 1024w, https:\/\/gruposanz.es\/wp-content\/uploads\/2025\/09\/KM-32_001-150x150.jpg 150w, https:\/\/gruposanz.es\/wp-content\/uploads\/2025\/09\/KM-32_001-768x768.jpg 768w, https:\/\/gruposanz.es\/wp-content\/uploads\/2025\/09\/KM-32_001-555x555.jpg 555w, https:\/\/gruposanz.es\/wp-content\/uploads\/2025\/09\/KM-32_001-100x100.jpg 100w, https:\/\/gruposanz.es\/wp-content\/uploads\/2025\/09\/KM-32_001.jpg 1200w\" sizes=\"auto, (max-width: 360px) 100vw, 360px\" \/>                                    <\/a>\n                        <\/div>\n\n        <div class=\"text-center product-details\">\n            \n                            <div class=\"product-title\">\n                   <a href=\"https:\/\/gruposanz.es\/fr\/producto\/cisailles-a-haies-km-32\">Cisailles \u00c0 Haies KM-32<\/a>\n                <\/div>\n            \n            \n            <div class=\"product-excerpt\">\n                <h2 style=\"text-align: center;\"><span style=\"color: #ffffff;\"><strong>S\u00e9cateur \u00e0 main pour la taille en jardinage<\/strong><\/span><\/h2>            <\/div>\n\n                    <\/div>\n    <\/div>\n<\/div>\n\n                \n                    <div class=\"col-lg-4 col-sm-4 col-xs-6 wishlist-disabled product type-product post-103412 status-publish last instock product_cat-ciseaux-jar product_cat-taille-haie product_cat-garden-fr product_cat-accueil-fournitures product_tag-kamikaze-garden-fr product_tag-produits-kamikaze has-post-thumbnail shipping-taxable product-type-simple\">\n        <div class=\"content-product\">\n        <div class=\"label-product \">\n\n    \t\t<div class=\"type-label-1\">\n\t\t\t<div class=\"new\">New<\/div>\n\t\t<\/div>\n    \n\t    \n<\/div>\n<img loading=\"lazy\" decoding=\"async\" width=\"360\" height=\"360\" src=\"https:\/\/gruposanz.es\/wp-content\/uploads\/2025\/09\/KM-39_001-360x360.jpg\" class=\"attachment-woocommerce_thumbnail size-woocommerce_thumbnail\" alt=\"Tijera Cortasetos KM-39\" srcset=\"https:\/\/gruposanz.es\/wp-content\/uploads\/2025\/09\/KM-39_001-360x360.jpg 360w, https:\/\/gruposanz.es\/wp-content\/uploads\/2025\/09\/KM-39_001-262x262.jpg 262w, https:\/\/gruposanz.es\/wp-content\/uploads\/2025\/09\/KM-39_001-1024x1024.jpg 1024w, https:\/\/gruposanz.es\/wp-content\/uploads\/2025\/09\/KM-39_001-150x150.jpg 150w, https:\/\/gruposanz.es\/wp-content\/uploads\/2025\/09\/KM-39_001-768x768.jpg 768w, https:\/\/gruposanz.es\/wp-content\/uploads\/2025\/09\/KM-39_001-555x555.jpg 555w, https:\/\/gruposanz.es\/wp-content\/uploads\/2025\/09\/KM-39_001-100x100.jpg 100w, https:\/\/gruposanz.es\/wp-content\/uploads\/2025\/09\/KM-39_001.jpg 1200w\" sizes=\"auto, (max-width: 360px) 100vw, 360px\" \/>        <div class=\"product-image-wrapper hover-effect-disable\">\n                <a class=\"product-content-image\" href=\"https:\/\/gruposanz.es\/fr\/producto\/cisailles-a-haies-km-39\" data-images=\"https:\/\/gruposanz.es\/wp-content\/uploads\/2025\/09\/KM-39_001.jpg,https:\/\/gruposanz.es\/wp-content\/uploads\/2025\/09\/KM-39_002.jpg\">\n                    <div class=\"label-product \">\n\n    \t\t<div class=\"type-label-1\">\n\t\t\t<div class=\"new\">New<\/div>\n\t\t<\/div>\n    \n\t    \n<\/div>\n                                        <img loading=\"lazy\" decoding=\"async\" width=\"360\" height=\"360\" src=\"https:\/\/gruposanz.es\/wp-content\/uploads\/2025\/09\/KM-39_001-360x360.jpg\" class=\"attachment-woocommerce_thumbnail size-woocommerce_thumbnail wp-post-image\" alt=\"Cisailles \u00c0 Haies Km-39\" title=\"Cisailles \u00c0 Haies Km-39\" srcset=\"https:\/\/gruposanz.es\/wp-content\/uploads\/2025\/09\/KM-39_001-360x360.jpg 360w, https:\/\/gruposanz.es\/wp-content\/uploads\/2025\/09\/KM-39_001-262x262.jpg 262w, https:\/\/gruposanz.es\/wp-content\/uploads\/2025\/09\/KM-39_001-1024x1024.jpg 1024w, https:\/\/gruposanz.es\/wp-content\/uploads\/2025\/09\/KM-39_001-150x150.jpg 150w, https:\/\/gruposanz.es\/wp-content\/uploads\/2025\/09\/KM-39_001-768x768.jpg 768w, https:\/\/gruposanz.es\/wp-content\/uploads\/2025\/09\/KM-39_001-555x555.jpg 555w, https:\/\/gruposanz.es\/wp-content\/uploads\/2025\/09\/KM-39_001-100x100.jpg 100w, https:\/\/gruposanz.es\/wp-content\/uploads\/2025\/09\/KM-39_001.jpg 1200w\" sizes=\"auto, (max-width: 360px) 100vw, 360px\" \/>                                    <\/a>\n                        <\/div>\n\n        <div class=\"text-center product-details\">\n            \n                            <div class=\"product-title\">\n                   <a href=\"https:\/\/gruposanz.es\/fr\/producto\/cisailles-a-haies-km-39\">Cisailles \u00c0 Haies Km-39<\/a>\n                <\/div>\n            \n            \n            <div class=\"product-excerpt\">\n                <h2 style=\"text-align: center;\"><span style=\"color: #ffffff;\"><strong>S\u00e9cateur \u00e0 main pour la taille en jardinage<\/strong><\/span><\/h2>            <\/div>\n\n                    <\/div>\n    <\/div>\n<\/div>\n\n                \n                    <div class=\"first col-lg-4 col-sm-4 col-xs-6 wishlist-disabled product type-product post-103394 status-publish instock product_cat-ciseaux-jar product_cat-cisailles-deux-mains product_cat-garden-fr product_cat-accueil-fournitures product_tag-kamikaze-garden-fr product_tag-produits-kamikaze has-post-thumbnail shipping-taxable product-type-simple\">\n        <div class=\"content-product\">\n        <div class=\"label-product \">\n\n    \t\t<div class=\"type-label-1\">\n\t\t\t<div class=\"new\">New<\/div>\n\t\t<\/div>\n    \n\t    \n<\/div>\n<img loading=\"lazy\" decoding=\"async\" width=\"360\" height=\"360\" src=\"https:\/\/gruposanz.es\/wp-content\/uploads\/2025\/09\/CH-77_001-360x360.jpg\" class=\"attachment-woocommerce_thumbnail size-woocommerce_thumbnail\" alt=\"Tijera Bypass de dos manos CH-77\" srcset=\"https:\/\/gruposanz.es\/wp-content\/uploads\/2025\/09\/CH-77_001-360x360.jpg 360w, https:\/\/gruposanz.es\/wp-content\/uploads\/2025\/09\/CH-77_001-262x262.jpg 262w, https:\/\/gruposanz.es\/wp-content\/uploads\/2025\/09\/CH-77_001-1024x1024.jpg 1024w, https:\/\/gruposanz.es\/wp-content\/uploads\/2025\/09\/CH-77_001-150x150.jpg 150w, https:\/\/gruposanz.es\/wp-content\/uploads\/2025\/09\/CH-77_001-768x768.jpg 768w, https:\/\/gruposanz.es\/wp-content\/uploads\/2025\/09\/CH-77_001-555x555.jpg 555w, https:\/\/gruposanz.es\/wp-content\/uploads\/2025\/09\/CH-77_001-100x100.jpg 100w, https:\/\/gruposanz.es\/wp-content\/uploads\/2025\/09\/CH-77_001.jpg 1200w\" sizes=\"auto, (max-width: 360px) 100vw, 360px\" \/>        <div class=\"product-image-wrapper hover-effect-disable\">\n                <a class=\"product-content-image\" href=\"https:\/\/gruposanz.es\/fr\/producto\/ebrancheur-a-lames-franches-a-deux-mains-ch-77\" data-images=\"https:\/\/gruposanz.es\/wp-content\/uploads\/2025\/09\/CH-77_001.jpg,https:\/\/gruposanz.es\/wp-content\/uploads\/2025\/09\/CH-77_002.jpg\">\n                    <div class=\"label-product \">\n\n    \t\t<div class=\"type-label-1\">\n\t\t\t<div class=\"new\">New<\/div>\n\t\t<\/div>\n    \n\t    \n<\/div>\n                                        <img loading=\"lazy\" decoding=\"async\" width=\"360\" height=\"360\" src=\"https:\/\/gruposanz.es\/wp-content\/uploads\/2025\/09\/CH-77_001-360x360.jpg\" class=\"attachment-woocommerce_thumbnail size-woocommerce_thumbnail wp-post-image\" alt=\"\u00c9brancheur \u00c0 Lames Franches \u00c0 Deux Mains Ch-77\" title=\"\u00c9brancheur \u00c0 Lames Franches \u00c0 Deux Mains Ch-77\" srcset=\"https:\/\/gruposanz.es\/wp-content\/uploads\/2025\/09\/CH-77_001-360x360.jpg 360w, https:\/\/gruposanz.es\/wp-content\/uploads\/2025\/09\/CH-77_001-262x262.jpg 262w, https:\/\/gruposanz.es\/wp-content\/uploads\/2025\/09\/CH-77_001-1024x1024.jpg 1024w, https:\/\/gruposanz.es\/wp-content\/uploads\/2025\/09\/CH-77_001-150x150.jpg 150w, https:\/\/gruposanz.es\/wp-content\/uploads\/2025\/09\/CH-77_001-768x768.jpg 768w, https:\/\/gruposanz.es\/wp-content\/uploads\/2025\/09\/CH-77_001-555x555.jpg 555w, https:\/\/gruposanz.es\/wp-content\/uploads\/2025\/09\/CH-77_001-100x100.jpg 100w, https:\/\/gruposanz.es\/wp-content\/uploads\/2025\/09\/CH-77_001.jpg 1200w\" sizes=\"auto, (max-width: 360px) 100vw, 360px\" \/>                                    <\/a>\n                        <\/div>\n\n        <div class=\"text-center product-details\">\n            \n                            <div class=\"product-title\">\n                   <a href=\"https:\/\/gruposanz.es\/fr\/producto\/ebrancheur-a-lames-franches-a-deux-mains-ch-77\">\u00c9brancheur \u00c0 Lames Franches \u00c0 Deux Mains Ch-77<\/a>\n                <\/div>\n            \n            \n            <div class=\"product-excerpt\">\n                <h2 style=\"text-align: center;\"><span style=\"color: #ffffff;\"><strong>S\u00e9cateur \u00e0 main pour la taille en jardinage<\/strong><\/span><\/h2>            <\/div>\n\n                    <\/div>\n    <\/div>\n<\/div>\n\n                \n                    <div class=\"col-lg-4 col-sm-4 col-xs-6 wishlist-disabled product type-product post-103359 status-publish last instock product_cat-agricole product_cat-outils-electriques product_cat-tronconneuse-electrique product_tag-produits-kamikaze product_tag-produits-multi-kv has-post-thumbnail shipping-taxable product-type-simple\">\n        <div class=\"content-product\">\n        <div class=\"label-product full-width-label\">\n\n    \t\t<div class=\"type-label-1\">\n\t\t\t<div class=\"new\">New<\/div>\n\t\t<\/div>\n    \n\t    \n<\/div>\n<img loading=\"lazy\" decoding=\"async\" width=\"360\" height=\"360\" src=\"https:\/\/gruposanz.es\/wp-content\/uploads\/2025\/09\/KVS5700_001-360x360.jpg\" class=\"attachment-woocommerce_thumbnail size-woocommerce_thumbnail\" alt=\"Motosierra el\u00e9ctrica KVS 5700 para la poda electr\u00edca de Kamikaze Power Tools\" srcset=\"https:\/\/gruposanz.es\/wp-content\/uploads\/2025\/09\/KVS5700_001-360x360.jpg 360w, https:\/\/gruposanz.es\/wp-content\/uploads\/2025\/09\/KVS5700_001-262x262.jpg 262w, https:\/\/gruposanz.es\/wp-content\/uploads\/2025\/09\/KVS5700_001-1024x1024.jpg 1024w, https:\/\/gruposanz.es\/wp-content\/uploads\/2025\/09\/KVS5700_001-150x150.jpg 150w, https:\/\/gruposanz.es\/wp-content\/uploads\/2025\/09\/KVS5700_001-768x768.jpg 768w, https:\/\/gruposanz.es\/wp-content\/uploads\/2025\/09\/KVS5700_001-555x555.jpg 555w, https:\/\/gruposanz.es\/wp-content\/uploads\/2025\/09\/KVS5700_001-100x100.jpg 100w, https:\/\/gruposanz.es\/wp-content\/uploads\/2025\/09\/KVS5700_001.jpg 1200w\" sizes=\"auto, (max-width: 360px) 100vw, 360px\" \/>        <div class=\"product-image-wrapper hover-effect-disable\">\n                <a class=\"product-content-image\" href=\"https:\/\/gruposanz.es\/fr\/producto\/tronconneuse-electrique-kvs-5700\" data-images=\"\">\n                    <div class=\"label-product full-width-label\">\n\n    \t\t<div class=\"type-label-1\">\n\t\t\t<div class=\"new\">New<\/div>\n\t\t<\/div>\n    \n\t    \n<\/div>\n                                        <img loading=\"lazy\" decoding=\"async\" width=\"360\" height=\"360\" src=\"https:\/\/gruposanz.es\/wp-content\/uploads\/2025\/09\/KVS5700_001-360x360.jpg\" class=\"attachment-woocommerce_thumbnail size-woocommerce_thumbnail wp-post-image\" alt=\"Tron\u00e7onneuse \u00e9lectrique KVS 5700\" title=\"Tron\u00e7onneuse \u00e9lectrique KVS 5700\" srcset=\"https:\/\/gruposanz.es\/wp-content\/uploads\/2025\/09\/KVS5700_001-360x360.jpg 360w, https:\/\/gruposanz.es\/wp-content\/uploads\/2025\/09\/KVS5700_001-262x262.jpg 262w, https:\/\/gruposanz.es\/wp-content\/uploads\/2025\/09\/KVS5700_001-1024x1024.jpg 1024w, https:\/\/gruposanz.es\/wp-content\/uploads\/2025\/09\/KVS5700_001-150x150.jpg 150w, https:\/\/gruposanz.es\/wp-content\/uploads\/2025\/09\/KVS5700_001-768x768.jpg 768w, https:\/\/gruposanz.es\/wp-content\/uploads\/2025\/09\/KVS5700_001-555x555.jpg 555w, https:\/\/gruposanz.es\/wp-content\/uploads\/2025\/09\/KVS5700_001-100x100.jpg 100w, https:\/\/gruposanz.es\/wp-content\/uploads\/2025\/09\/KVS5700_001.jpg 1200w\" sizes=\"auto, (max-width: 360px) 100vw, 360px\" \/>                                    <\/a>\n                        <\/div>\n\n        <div class=\"text-center product-details\">\n            \n                            <div class=\"product-title\">\n                   <a href=\"https:\/\/gruposanz.es\/fr\/producto\/tronconneuse-electrique-kvs-5700\">Tron\u00e7onneuse \u00e9lectrique KVS 5700<\/a>\n                <\/div>\n            \n            \n            <div class=\"product-excerpt\">\n                <h3 style=\"text-align: center;\"><span style=\"color: #ffffff;\"><strong>Notre objectif est d\u00b4avoir la plus large gamme d\u00b4outils pour la taille, autant pour des cultures basses comme en hauteurs et qui soient accessibles pour le plus grand nombre d\u00b4utilisateurs.<\/strong><\/span><\/h3>            <\/div>\n\n                    <\/div>\n    <\/div>\n<\/div>\n\n                \n                    <div class=\"first col-lg-4 col-sm-4 col-xs-6 wishlist-disabled product type-product post-103371 status-publish instock product_cat-agricole product_cat-outils-electriques product_cat-secateurs-electriques-en-hateur product_tag-produits-kamikaze product_tag-produits-multi-kv has-post-thumbnail shipping-taxable product-type-simple\">\n        <div class=\"content-product\">\n        <div class=\"label-product full-width-label\">\n\n    \t\t<div class=\"type-label-1\">\n\t\t\t<div class=\"new\">New<\/div>\n\t\t<\/div>\n    \n\t    \n<\/div>\n<img loading=\"lazy\" decoding=\"async\" width=\"360\" height=\"360\" src=\"https:\/\/gruposanz.es\/wp-content\/uploads\/2025\/09\/KV390EXT220_001-360x360.jpg\" class=\"attachment-woocommerce_thumbnail size-woocommerce_thumbnail\" alt=\"P\u00e9rtiga Telex para Tijera El\u00e9ctrica KV 390\" srcset=\"https:\/\/gruposanz.es\/wp-content\/uploads\/2025\/09\/KV390EXT220_001-360x360.jpg 360w, https:\/\/gruposanz.es\/wp-content\/uploads\/2025\/09\/KV390EXT220_001-262x262.jpg 262w, https:\/\/gruposanz.es\/wp-content\/uploads\/2025\/09\/KV390EXT220_001-1024x1024.jpg 1024w, https:\/\/gruposanz.es\/wp-content\/uploads\/2025\/09\/KV390EXT220_001-150x150.jpg 150w, https:\/\/gruposanz.es\/wp-content\/uploads\/2025\/09\/KV390EXT220_001-768x768.jpg 768w, https:\/\/gruposanz.es\/wp-content\/uploads\/2025\/09\/KV390EXT220_001-555x555.jpg 555w, https:\/\/gruposanz.es\/wp-content\/uploads\/2025\/09\/KV390EXT220_001-100x100.jpg 100w, https:\/\/gruposanz.es\/wp-content\/uploads\/2025\/09\/KV390EXT220_001.jpg 1500w\" sizes=\"auto, (max-width: 360px) 100vw, 360px\" \/>        <div class=\"product-image-wrapper hover-effect-disable\">\n                <a class=\"product-content-image\" href=\"https:\/\/gruposanz.es\/fr\/producto\/perche-dextension-telex-pour-secateur-electrique-kv390\" data-images=\"\">\n                    <div class=\"label-product full-width-label\">\n\n    \t\t<div class=\"type-label-1\">\n\t\t\t<div class=\"new\">New<\/div>\n\t\t<\/div>\n    \n\t    \n<\/div>\n                                        <img loading=\"lazy\" decoding=\"async\" width=\"360\" height=\"360\" src=\"https:\/\/gruposanz.es\/wp-content\/uploads\/2025\/09\/KV390EXT220_001-360x360.jpg\" class=\"attachment-woocommerce_thumbnail size-woocommerce_thumbnail wp-post-image\" alt=\"Perche D\u2019extension Telex Pour S\u00e9cateur \u00c9lectrique Kv390\" title=\"Perche D\u2019extension Telex Pour S\u00e9cateur \u00c9lectrique Kv390\" srcset=\"https:\/\/gruposanz.es\/wp-content\/uploads\/2025\/09\/KV390EXT220_001-360x360.jpg 360w, https:\/\/gruposanz.es\/wp-content\/uploads\/2025\/09\/KV390EXT220_001-262x262.jpg 262w, https:\/\/gruposanz.es\/wp-content\/uploads\/2025\/09\/KV390EXT220_001-1024x1024.jpg 1024w, https:\/\/gruposanz.es\/wp-content\/uploads\/2025\/09\/KV390EXT220_001-150x150.jpg 150w, https:\/\/gruposanz.es\/wp-content\/uploads\/2025\/09\/KV390EXT220_001-768x768.jpg 768w, https:\/\/gruposanz.es\/wp-content\/uploads\/2025\/09\/KV390EXT220_001-555x555.jpg 555w, https:\/\/gruposanz.es\/wp-content\/uploads\/2025\/09\/KV390EXT220_001-100x100.jpg 100w, https:\/\/gruposanz.es\/wp-content\/uploads\/2025\/09\/KV390EXT220_001.jpg 1500w\" sizes=\"auto, (max-width: 360px) 100vw, 360px\" \/>                                    <\/a>\n                        <\/div>\n\n        <div class=\"text-center product-details\">\n            \n                            <div class=\"product-title\">\n                   <a href=\"https:\/\/gruposanz.es\/fr\/producto\/perche-dextension-telex-pour-secateur-electrique-kv390\">Perche D\u2019extension Telex Pour S\u00e9cateur \u00c9lectrique Kv390<\/a>\n                <\/div>\n            \n            \n            <div class=\"product-excerpt\">\n                <h3 style=\"text-align: center;\"><span style=\"color: #ffffff;\"><strong>Notre objectif est d\u00b4avoir la plus large gamme d\u00b4outils pour la taille, autant pour des cultures basses comme en hauteurs et qui soient accessibles pour le plus grand nombre d\u00b4utilisateurs.<\/strong><\/span><\/h3>            <\/div>\n\n                    <\/div>\n    <\/div>\n<\/div>\n\n                \n                    <div class=\"col-lg-4 col-sm-4 col-xs-6 wishlist-disabled product type-product post-103379 status-publish last instock product_cat-agricole product_cat-outils-electriques product_cat-secateurs-electriques product_tag-produits-kamikaze product_tag-produits-multi-kv has-post-thumbnail shipping-taxable product-type-simple\">\n        <div class=\"content-product\">\n        <div class=\"label-product full-width-label\">\n\n    \t\t<div class=\"type-label-1\">\n\t\t\t<div class=\"new\">New<\/div>\n\t\t<\/div>\n    \n\t    \n<\/div>\n<img loading=\"lazy\" decoding=\"async\" width=\"360\" height=\"360\" src=\"https:\/\/gruposanz.es\/wp-content\/uploads\/2025\/09\/KV390XL_001-360x360.jpg\" class=\"attachment-woocommerce_thumbnail size-woocommerce_thumbnail\" alt=\"Tijera el\u00e9ctrica KV 390XL para la poda\" srcset=\"https:\/\/gruposanz.es\/wp-content\/uploads\/2025\/09\/KV390XL_001-360x360.jpg 360w, https:\/\/gruposanz.es\/wp-content\/uploads\/2025\/09\/KV390XL_001-262x262.jpg 262w, https:\/\/gruposanz.es\/wp-content\/uploads\/2025\/09\/KV390XL_001-1024x1024.jpg 1024w, https:\/\/gruposanz.es\/wp-content\/uploads\/2025\/09\/KV390XL_001-150x150.jpg 150w, https:\/\/gruposanz.es\/wp-content\/uploads\/2025\/09\/KV390XL_001-768x768.jpg 768w, https:\/\/gruposanz.es\/wp-content\/uploads\/2025\/09\/KV390XL_001-555x555.jpg 555w, https:\/\/gruposanz.es\/wp-content\/uploads\/2025\/09\/KV390XL_001-100x100.jpg 100w, https:\/\/gruposanz.es\/wp-content\/uploads\/2025\/09\/KV390XL_001.jpg 1500w\" sizes=\"auto, (max-width: 360px) 100vw, 360px\" \/>        <div class=\"product-image-wrapper hover-effect-disable\">\n                <a class=\"product-content-image\" href=\"https:\/\/gruposanz.es\/fr\/producto\/secateur-electrique-kv-390xl\" data-images=\"\">\n                    <div class=\"label-product full-width-label\">\n\n    \t\t<div class=\"type-label-1\">\n\t\t\t<div class=\"new\">New<\/div>\n\t\t<\/div>\n    \n\t    \n<\/div>\n                                        <img loading=\"lazy\" decoding=\"async\" width=\"360\" height=\"360\" src=\"https:\/\/gruposanz.es\/wp-content\/uploads\/2025\/09\/KV390XL_001-360x360.jpg\" class=\"attachment-woocommerce_thumbnail size-woocommerce_thumbnail wp-post-image\" alt=\"S\u00e9cateur \u00e9lectrique KV 390XL\" title=\"S\u00e9cateur \u00e9lectrique KV 390XL\" srcset=\"https:\/\/gruposanz.es\/wp-content\/uploads\/2025\/09\/KV390XL_001-360x360.jpg 360w, https:\/\/gruposanz.es\/wp-content\/uploads\/2025\/09\/KV390XL_001-262x262.jpg 262w, https:\/\/gruposanz.es\/wp-content\/uploads\/2025\/09\/KV390XL_001-1024x1024.jpg 1024w, https:\/\/gruposanz.es\/wp-content\/uploads\/2025\/09\/KV390XL_001-150x150.jpg 150w, https:\/\/gruposanz.es\/wp-content\/uploads\/2025\/09\/KV390XL_001-768x768.jpg 768w, https:\/\/gruposanz.es\/wp-content\/uploads\/2025\/09\/KV390XL_001-555x555.jpg 555w, https:\/\/gruposanz.es\/wp-content\/uploads\/2025\/09\/KV390XL_001-100x100.jpg 100w, https:\/\/gruposanz.es\/wp-content\/uploads\/2025\/09\/KV390XL_001.jpg 1500w\" sizes=\"auto, (max-width: 360px) 100vw, 360px\" \/>                                    <\/a>\n                        <\/div>\n\n        <div class=\"text-center product-details\">\n            \n                            <div class=\"product-title\">\n                   <a href=\"https:\/\/gruposanz.es\/fr\/producto\/secateur-electrique-kv-390xl\">S\u00e9cateur \u00e9lectrique KV 390XL<\/a>\n                <\/div>\n            \n            \n            <div class=\"product-excerpt\">\n                <h3 style=\"text-align: center;\"><span style=\"color: #ffffff;\"><strong>Notre objectif est d\u00b4avoir la plus large gamme d\u00b4outils pour la taille, autant pour des cultures basses comme en hauteurs et qui soient accessibles pour le plus grand nombre d\u00b4utilisateurs.<\/strong><\/span><\/h3>            <\/div>\n\n                    <\/div>\n    <\/div>\n<\/div>\n\n                \n                    <div class=\"first col-lg-4 col-sm-4 col-xs-6 wishlist-disabled product type-product post-103346 status-publish instock product_cat-agricole product_cat-outils-electriques product_tag-produits-kamikaze product_tag-produits-multi-kv has-post-thumbnail shipping-taxable product-type-simple\">\n        <div class=\"content-product\">\n        <div class=\"label-product full-width-label\">\n\n    \t\t<div class=\"type-label-1\">\n\t\t\t<div class=\"new\">New<\/div>\n\t\t<\/div>\n    \n\t    \n<\/div>\n<img loading=\"lazy\" decoding=\"async\" width=\"360\" height=\"360\" src=\"https:\/\/gruposanz.es\/wp-content\/uploads\/2025\/09\/Bote_grasa_KV-360x360.jpg\" class=\"attachment-woocommerce_thumbnail size-woocommerce_thumbnail\" alt=\"Bote Grasa Litio KV\" srcset=\"https:\/\/gruposanz.es\/wp-content\/uploads\/2025\/09\/Bote_grasa_KV-360x360.jpg 360w, https:\/\/gruposanz.es\/wp-content\/uploads\/2025\/09\/Bote_grasa_KV-262x262.jpg 262w, https:\/\/gruposanz.es\/wp-content\/uploads\/2025\/09\/Bote_grasa_KV-1024x1024.jpg 1024w, https:\/\/gruposanz.es\/wp-content\/uploads\/2025\/09\/Bote_grasa_KV-150x150.jpg 150w, https:\/\/gruposanz.es\/wp-content\/uploads\/2025\/09\/Bote_grasa_KV-768x768.jpg 768w, https:\/\/gruposanz.es\/wp-content\/uploads\/2025\/09\/Bote_grasa_KV-555x555.jpg 555w, https:\/\/gruposanz.es\/wp-content\/uploads\/2025\/09\/Bote_grasa_KV-100x100.jpg 100w, https:\/\/gruposanz.es\/wp-content\/uploads\/2025\/09\/Bote_grasa_KV.jpg 1200w\" sizes=\"auto, (max-width: 360px) 100vw, 360px\" \/>        <div class=\"product-image-wrapper hover-effect-disable\">\n                <a class=\"product-content-image\" href=\"https:\/\/gruposanz.es\/fr\/producto\/graisse-au-lithium-kv\" data-images=\"\">\n                    <div class=\"label-product full-width-label\">\n\n    \t\t<div class=\"type-label-1\">\n\t\t\t<div class=\"new\">New<\/div>\n\t\t<\/div>\n    \n\t    \n<\/div>\n                                        <img loading=\"lazy\" decoding=\"async\" width=\"360\" height=\"360\" src=\"https:\/\/gruposanz.es\/wp-content\/uploads\/2025\/09\/Bote_grasa_KV-360x360.jpg\" class=\"attachment-woocommerce_thumbnail size-woocommerce_thumbnail wp-post-image\" alt=\"Graisse au lithium KV\" title=\"Graisse au lithium KV\" srcset=\"https:\/\/gruposanz.es\/wp-content\/uploads\/2025\/09\/Bote_grasa_KV-360x360.jpg 360w, https:\/\/gruposanz.es\/wp-content\/uploads\/2025\/09\/Bote_grasa_KV-262x262.jpg 262w, https:\/\/gruposanz.es\/wp-content\/uploads\/2025\/09\/Bote_grasa_KV-1024x1024.jpg 1024w, https:\/\/gruposanz.es\/wp-content\/uploads\/2025\/09\/Bote_grasa_KV-150x150.jpg 150w, https:\/\/gruposanz.es\/wp-content\/uploads\/2025\/09\/Bote_grasa_KV-768x768.jpg 768w, https:\/\/gruposanz.es\/wp-content\/uploads\/2025\/09\/Bote_grasa_KV-555x555.jpg 555w, https:\/\/gruposanz.es\/wp-content\/uploads\/2025\/09\/Bote_grasa_KV-100x100.jpg 100w, https:\/\/gruposanz.es\/wp-content\/uploads\/2025\/09\/Bote_grasa_KV.jpg 1200w\" sizes=\"auto, (max-width: 360px) 100vw, 360px\" \/>                                    <\/a>\n                        <\/div>\n\n        <div class=\"text-center product-details\">\n            \n                            <div class=\"product-title\">\n                   <a href=\"https:\/\/gruposanz.es\/fr\/producto\/graisse-au-lithium-kv\">Graisse au lithium KV<\/a>\n                <\/div>\n            \n            \n            <div class=\"product-excerpt\">\n                <h3 style=\"text-align: center;\"><span style=\"color: #ffffff;\"><strong>Notre objectif est d\u00b4avoir la plus large gamme d\u00b4outils pour la taille, autant pour des cultures basses comme en hauteurs et qui soient accessibles pour le plus grand nombre d\u00b4utilisateurs.<\/strong><\/span><\/h3>            <\/div>\n\n                    <\/div>\n    <\/div>\n<\/div>\n\n                \n                    <div class=\"col-lg-4 col-sm-4 col-xs-6 wishlist-disabled product type-product post-29920 status-publish last instock product_cat-agricole product_cat-outils product_tag-produits-kamikaze has-post-thumbnail shipping-taxable product-type-simple\">\n        <div class=\"content-product\">\n        <div class=\"label-product full-width-label\">\n\n    \t\t<div class=\"type-label-1\">\n\t\t\t<div class=\"new\">New<\/div>\n\t\t<\/div>\n    \n\t    \n<\/div>\n<img loading=\"lazy\" decoding=\"async\" width=\"360\" height=\"360\" src=\"https:\/\/gruposanz.es\/wp-content\/uploads\/2017\/10\/Gafas_proteccion_Kamikaze_001-360x360.jpg\" class=\"attachment-woocommerce_thumbnail size-woocommerce_thumbnail\" alt=\"Gafas KM de protecci\u00f3n para poda de Kamikaze.\" srcset=\"https:\/\/gruposanz.es\/wp-content\/uploads\/2017\/10\/Gafas_proteccion_Kamikaze_001-360x360.jpg 360w, https:\/\/gruposanz.es\/wp-content\/uploads\/2017\/10\/Gafas_proteccion_Kamikaze_001-262x262.jpg 262w, https:\/\/gruposanz.es\/wp-content\/uploads\/2017\/10\/Gafas_proteccion_Kamikaze_001-1024x1024.jpg 1024w, https:\/\/gruposanz.es\/wp-content\/uploads\/2017\/10\/Gafas_proteccion_Kamikaze_001-150x150.jpg 150w, https:\/\/gruposanz.es\/wp-content\/uploads\/2017\/10\/Gafas_proteccion_Kamikaze_001-768x768.jpg 768w, https:\/\/gruposanz.es\/wp-content\/uploads\/2017\/10\/Gafas_proteccion_Kamikaze_001-555x555.jpg 555w, https:\/\/gruposanz.es\/wp-content\/uploads\/2017\/10\/Gafas_proteccion_Kamikaze_001-100x100.jpg 100w, https:\/\/gruposanz.es\/wp-content\/uploads\/2017\/10\/Gafas_proteccion_Kamikaze_001.jpg 1500w\" sizes=\"auto, (max-width: 360px) 100vw, 360px\" \/>        <div class=\"product-image-wrapper hover-effect-disable\">\n                <a class=\"product-content-image\" href=\"https:\/\/gruposanz.es\/fr\/producto\/lunettes-de-protection-km\" data-images=\"\">\n                    <div class=\"label-product full-width-label\">\n\n    \t\t<div class=\"type-label-1\">\n\t\t\t<div class=\"new\">New<\/div>\n\t\t<\/div>\n    \n\t    \n<\/div>\n                                        <img loading=\"lazy\" decoding=\"async\" width=\"360\" height=\"360\" src=\"https:\/\/gruposanz.es\/wp-content\/uploads\/2017\/10\/Gafas_proteccion_Kamikaze_001-360x360.jpg\" class=\"attachment-woocommerce_thumbnail size-woocommerce_thumbnail wp-post-image\" alt=\"Lunettes de protection KM pour la taille\" title=\"Lunettes de protection KM pour la taille\" srcset=\"https:\/\/gruposanz.es\/wp-content\/uploads\/2017\/10\/Gafas_proteccion_Kamikaze_001-360x360.jpg 360w, https:\/\/gruposanz.es\/wp-content\/uploads\/2017\/10\/Gafas_proteccion_Kamikaze_001-262x262.jpg 262w, https:\/\/gruposanz.es\/wp-content\/uploads\/2017\/10\/Gafas_proteccion_Kamikaze_001-1024x1024.jpg 1024w, https:\/\/gruposanz.es\/wp-content\/uploads\/2017\/10\/Gafas_proteccion_Kamikaze_001-150x150.jpg 150w, https:\/\/gruposanz.es\/wp-content\/uploads\/2017\/10\/Gafas_proteccion_Kamikaze_001-768x768.jpg 768w, https:\/\/gruposanz.es\/wp-content\/uploads\/2017\/10\/Gafas_proteccion_Kamikaze_001-555x555.jpg 555w, https:\/\/gruposanz.es\/wp-content\/uploads\/2017\/10\/Gafas_proteccion_Kamikaze_001-100x100.jpg 100w, https:\/\/gruposanz.es\/wp-content\/uploads\/2017\/10\/Gafas_proteccion_Kamikaze_001.jpg 1500w\" sizes=\"auto, (max-width: 360px) 100vw, 360px\" \/>                                    <\/a>\n                        <\/div>\n\n        <div class=\"text-center product-details\">\n            \n                            <div class=\"product-title\">\n                   <a href=\"https:\/\/gruposanz.es\/fr\/producto\/lunettes-de-protection-km\">Lunettes de protection KM pour la taille<\/a>\n                <\/div>\n            \n            \n            <div class=\"product-excerpt\">\n                ...            <\/div>\n\n                    <\/div>\n    <\/div>\n<\/div>\n\n                \n            <\/div> <!-- .row -->\n        <\/div>[\/vc_column][\/vc_row][vc_row disable_element=&#8221;yes&#8221;][vc_column]<div class=\"woocommerce\">                        <div class=\"row products-loop products-grid row-count-4 columns-4\">\n\n                \n                    <div class=\"first col-lg-4 col-sm-4 col-xs-6 wishlist-disabled product type-product post-92865 status-publish instock product_cat-demande-electrique-fr product_cat-industriel product_cat-pulverisateurs-electriques-fr product_tag-produits-pulmic has-post-thumbnail shipping-taxable product-type-simple\">\n        <div class=\"content-product\">\n        <img loading=\"lazy\" decoding=\"async\" width=\"360\" height=\"360\" src=\"https:\/\/gruposanz.es\/wp-content\/uploads\/2024\/08\/14187Industrial15-360x360.jpg\" class=\"attachment-woocommerce_thumbnail size-woocommerce_thumbnail\" alt=\"Pulverizador el\u00e9ctrico Pulmic Industrial 15\" srcset=\"https:\/\/gruposanz.es\/wp-content\/uploads\/2024\/08\/14187Industrial15-360x360.jpg 360w, https:\/\/gruposanz.es\/wp-content\/uploads\/2024\/08\/14187Industrial15-262x262.jpg 262w, https:\/\/gruposanz.es\/wp-content\/uploads\/2024\/08\/14187Industrial15-150x150.jpg 150w, https:\/\/gruposanz.es\/wp-content\/uploads\/2024\/08\/14187Industrial15-555x555.jpg 555w, https:\/\/gruposanz.es\/wp-content\/uploads\/2024\/08\/14187Industrial15-100x100.jpg 100w, https:\/\/gruposanz.es\/wp-content\/uploads\/2024\/08\/14187Industrial15.jpg 595w\" sizes=\"auto, (max-width: 360px) 100vw, 360px\" \/>        <div class=\"product-image-wrapper hover-effect-disable\">\n                <a class=\"product-content-image\" href=\"https:\/\/gruposanz.es\/fr\/producto\/pulverisateur-electrique-pulmic-industrial-15\" data-images=\"\">\n                                                            <img loading=\"lazy\" decoding=\"async\" width=\"360\" height=\"360\" src=\"https:\/\/gruposanz.es\/wp-content\/uploads\/2024\/08\/14187Industrial15-360x360.jpg\" class=\"attachment-woocommerce_thumbnail size-woocommerce_thumbnail wp-post-image\" alt=\"Pulv\u00e9risateur \u00e9lectrique Pulmic Industrial 15\" title=\"Pulv\u00e9risateur \u00e9lectrique Pulmic Industrial 15\" srcset=\"https:\/\/gruposanz.es\/wp-content\/uploads\/2024\/08\/14187Industrial15-360x360.jpg 360w, https:\/\/gruposanz.es\/wp-content\/uploads\/2024\/08\/14187Industrial15-262x262.jpg 262w, https:\/\/gruposanz.es\/wp-content\/uploads\/2024\/08\/14187Industrial15-150x150.jpg 150w, https:\/\/gruposanz.es\/wp-content\/uploads\/2024\/08\/14187Industrial15-555x555.jpg 555w, https:\/\/gruposanz.es\/wp-content\/uploads\/2024\/08\/14187Industrial15-100x100.jpg 100w, https:\/\/gruposanz.es\/wp-content\/uploads\/2024\/08\/14187Industrial15.jpg 595w\" sizes=\"auto, (max-width: 360px) 100vw, 360px\" \/>                                    <\/a>\n                        <\/div>\n\n        <div class=\"text-center product-details\">\n            \n                            <div class=\"product-title\">\n                   <a href=\"https:\/\/gruposanz.es\/fr\/producto\/pulverisateur-electrique-pulmic-industrial-15\">Pulv\u00e9risateur \u00e9lectrique Pulmic Industrial 15<\/a>\n                <\/div>\n            \n            \n            <div class=\"product-excerpt\">\n                <h3 style=\"text-align: center;\"><span style=\"color: #ffffff;\"><strong>Produits sont utilis\u00e9s pour les traitements les plus exigeantes telles que des ateliers industriels, la d\u00e9sinfection, le nettoyage et l\u2019automobile.<\/strong><\/span><\/h3>            <\/div>\n\n                    <\/div>\n    <\/div>\n<\/div>\n\n                \n                    <div class=\"col-lg-4 col-sm-4 col-xs-6 wishlist-disabled product type-product post-92848 status-publish last instock product_cat-accueil-fournitures product_cat-pulverisateurs-a-moteur product_cat-pulverisateurs-electriques-fr product_tag-produits-keeper has-post-thumbnail shipping-taxable product-type-simple\">\n        <div class=\"content-product\">\n        <img loading=\"lazy\" decoding=\"async\" width=\"360\" height=\"360\" src=\"https:\/\/gruposanz.es\/wp-content\/uploads\/2024\/08\/keeper_forest2-360x360.png\" class=\"attachment-woocommerce_thumbnail size-woocommerce_thumbnail\" alt=\"Keeper Forest 2\" srcset=\"https:\/\/gruposanz.es\/wp-content\/uploads\/2024\/08\/keeper_forest2-360x360.png 360w, https:\/\/gruposanz.es\/wp-content\/uploads\/2024\/08\/keeper_forest2-262x262.png 262w, https:\/\/gruposanz.es\/wp-content\/uploads\/2024\/08\/keeper_forest2-150x150.png 150w, https:\/\/gruposanz.es\/wp-content\/uploads\/2024\/08\/keeper_forest2-555x555.png 555w, https:\/\/gruposanz.es\/wp-content\/uploads\/2024\/08\/keeper_forest2-100x100.png 100w, https:\/\/gruposanz.es\/wp-content\/uploads\/2024\/08\/keeper_forest2.png 595w\" sizes=\"auto, (max-width: 360px) 100vw, 360px\" \/>        <div class=\"product-image-wrapper hover-effect-disable\">\n                <a class=\"product-content-image\" href=\"https:\/\/gruposanz.es\/fr\/producto\/pulverisateur-electrique-keeper-forest-2\" data-images=\"\">\n                                                            <img loading=\"lazy\" decoding=\"async\" width=\"360\" height=\"360\" src=\"https:\/\/gruposanz.es\/wp-content\/uploads\/2024\/08\/keeper_forest2-360x360.png\" class=\"attachment-woocommerce_thumbnail size-woocommerce_thumbnail wp-post-image\" alt=\"Pulv\u00e9risateur \u00e9lectrique Keeper Forest 2\" title=\"Pulv\u00e9risateur \u00e9lectrique Keeper Forest 2\" srcset=\"https:\/\/gruposanz.es\/wp-content\/uploads\/2024\/08\/keeper_forest2-360x360.png 360w, https:\/\/gruposanz.es\/wp-content\/uploads\/2024\/08\/keeper_forest2-262x262.png 262w, https:\/\/gruposanz.es\/wp-content\/uploads\/2024\/08\/keeper_forest2-150x150.png 150w, https:\/\/gruposanz.es\/wp-content\/uploads\/2024\/08\/keeper_forest2-555x555.png 555w, https:\/\/gruposanz.es\/wp-content\/uploads\/2024\/08\/keeper_forest2-100x100.png 100w, https:\/\/gruposanz.es\/wp-content\/uploads\/2024\/08\/keeper_forest2.png 595w\" sizes=\"auto, (max-width: 360px) 100vw, 360px\" \/>                                    <\/a>\n                        <\/div>\n\n        <div class=\"text-center product-details\">\n            \n                            <div class=\"product-title\">\n                   <a href=\"https:\/\/gruposanz.es\/fr\/producto\/pulverisateur-electrique-keeper-forest-2\">Pulv\u00e9risateur \u00e9lectrique Keeper Forest 2<\/a>\n                <\/div>\n            \n            \n            <div class=\"product-excerpt\">\n                <h3 style=\"text-align: center;\"><span style=\"color: #ffffff;\"><strong>Pulv\u00e9risateurs et s\u00e9cateurs \u00e9lectriques pour les applications de jardin.<\/strong><\/span><\/h3>            <\/div>\n\n                    <\/div>\n    <\/div>\n<\/div>\n\n                \n                    <div class=\"first col-lg-4 col-sm-4 col-xs-6 wishlist-disabled product type-product post-92890 status-publish instock product_cat-ciseaux-jar product_cat-garden-fr product_cat-accueil-fournitures product_cat-secateur-en-hauteur product_tag-produits-kamikaze has-post-thumbnail shipping-taxable product-type-simple\">\n        <div class=\"content-product\">\n        <img loading=\"lazy\" decoding=\"async\" width=\"360\" height=\"360\" src=\"https:\/\/gruposanz.es\/wp-content\/uploads\/2024\/08\/KM63-360x360.png\" class=\"attachment-woocommerce_thumbnail size-woocommerce_thumbnail\" alt=\"Tijera en altura KM-63\" srcset=\"https:\/\/gruposanz.es\/wp-content\/uploads\/2024\/08\/KM63-360x360.png 360w, https:\/\/gruposanz.es\/wp-content\/uploads\/2024\/08\/KM63-262x262.png 262w, https:\/\/gruposanz.es\/wp-content\/uploads\/2024\/08\/KM63-150x150.png 150w, https:\/\/gruposanz.es\/wp-content\/uploads\/2024\/08\/KM63-555x555.png 555w, https:\/\/gruposanz.es\/wp-content\/uploads\/2024\/08\/KM63-100x100.png 100w, https:\/\/gruposanz.es\/wp-content\/uploads\/2024\/08\/KM63.png 595w\" sizes=\"auto, (max-width: 360px) 100vw, 360px\" \/>        <div class=\"product-image-wrapper hover-effect-disable\">\n                <a class=\"product-content-image\" href=\"https:\/\/gruposanz.es\/fr\/producto\/secateur-en-hauteur-km-63\" data-images=\"\">\n                                                            <img loading=\"lazy\" decoding=\"async\" width=\"360\" height=\"360\" src=\"https:\/\/gruposanz.es\/wp-content\/uploads\/2024\/08\/KM63-360x360.png\" class=\"attachment-woocommerce_thumbnail size-woocommerce_thumbnail wp-post-image\" alt=\"S\u00e9cateur en hauteur KM-63\" title=\"S\u00e9cateur en hauteur KM-63\" srcset=\"https:\/\/gruposanz.es\/wp-content\/uploads\/2024\/08\/KM63-360x360.png 360w, https:\/\/gruposanz.es\/wp-content\/uploads\/2024\/08\/KM63-262x262.png 262w, https:\/\/gruposanz.es\/wp-content\/uploads\/2024\/08\/KM63-150x150.png 150w, https:\/\/gruposanz.es\/wp-content\/uploads\/2024\/08\/KM63-555x555.png 555w, https:\/\/gruposanz.es\/wp-content\/uploads\/2024\/08\/KM63-100x100.png 100w, https:\/\/gruposanz.es\/wp-content\/uploads\/2024\/08\/KM63.png 595w\" sizes=\"auto, (max-width: 360px) 100vw, 360px\" \/>                                    <\/a>\n                        <\/div>\n\n        <div class=\"text-center product-details\">\n            \n                            <div class=\"product-title\">\n                   <a href=\"https:\/\/gruposanz.es\/fr\/producto\/secateur-en-hauteur-km-63\">S\u00e9cateur en hauteur KM-63<\/a>\n                <\/div>\n            \n            \n            <div class=\"product-excerpt\">\n                <h3 style=\"text-align: center;\"><span style=\"color: #ffffff;\"><strong>S\u00e9cateurs en hauteur pour le jardinage et l'am\u00e9nagement paysager<\/strong><\/span><\/h3>            <\/div>\n\n                    <\/div>\n    <\/div>\n<\/div>\n\n                \n                    <div class=\"col-lg-4 col-sm-4 col-xs-6 wishlist-disabled product type-product post-92906 status-publish last instock product_cat-ciseaux-jar product_cat-garden-fr product_cat-accueil-fournitures product_cat-secateur-en-hauteur product_tag-produits-kamikaze has-post-thumbnail shipping-taxable product-type-simple\">\n        <div class=\"content-product\">\n        <img loading=\"lazy\" decoding=\"async\" width=\"360\" height=\"360\" src=\"https:\/\/gruposanz.es\/wp-content\/uploads\/2024\/08\/KM63-TELEX-360x360.png\" class=\"attachment-woocommerce_thumbnail size-woocommerce_thumbnail\" alt=\"Tijera en altura KM-63 TLX\" srcset=\"https:\/\/gruposanz.es\/wp-content\/uploads\/2024\/08\/KM63-TELEX-360x360.png 360w, https:\/\/gruposanz.es\/wp-content\/uploads\/2024\/08\/KM63-TELEX-262x262.png 262w, https:\/\/gruposanz.es\/wp-content\/uploads\/2024\/08\/KM63-TELEX-150x150.png 150w, https:\/\/gruposanz.es\/wp-content\/uploads\/2024\/08\/KM63-TELEX-555x555.png 555w, https:\/\/gruposanz.es\/wp-content\/uploads\/2024\/08\/KM63-TELEX-100x100.png 100w, https:\/\/gruposanz.es\/wp-content\/uploads\/2024\/08\/KM63-TELEX.png 595w\" sizes=\"auto, (max-width: 360px) 100vw, 360px\" \/>        <div class=\"product-image-wrapper hover-effect-disable\">\n                <a class=\"product-content-image\" href=\"https:\/\/gruposanz.es\/fr\/producto\/secateur-en-hauteur-km-63-tlx\" data-images=\"\">\n                                                            <img loading=\"lazy\" decoding=\"async\" width=\"360\" height=\"360\" src=\"https:\/\/gruposanz.es\/wp-content\/uploads\/2024\/08\/KM63-TELEX-360x360.png\" class=\"attachment-woocommerce_thumbnail size-woocommerce_thumbnail wp-post-image\" alt=\"S\u00e9cateur en hauteur KM-63 TLX\" title=\"S\u00e9cateur en hauteur KM-63 TLX\" srcset=\"https:\/\/gruposanz.es\/wp-content\/uploads\/2024\/08\/KM63-TELEX-360x360.png 360w, https:\/\/gruposanz.es\/wp-content\/uploads\/2024\/08\/KM63-TELEX-262x262.png 262w, https:\/\/gruposanz.es\/wp-content\/uploads\/2024\/08\/KM63-TELEX-150x150.png 150w, https:\/\/gruposanz.es\/wp-content\/uploads\/2024\/08\/KM63-TELEX-555x555.png 555w, https:\/\/gruposanz.es\/wp-content\/uploads\/2024\/08\/KM63-TELEX-100x100.png 100w, https:\/\/gruposanz.es\/wp-content\/uploads\/2024\/08\/KM63-TELEX.png 595w\" sizes=\"auto, (max-width: 360px) 100vw, 360px\" \/>                                    <\/a>\n                        <\/div>\n\n        <div class=\"text-center product-details\">\n            \n                            <div class=\"product-title\">\n                   <a href=\"https:\/\/gruposanz.es\/fr\/producto\/secateur-en-hauteur-km-63-tlx\">S\u00e9cateur en hauteur KM-63 TLX<\/a>\n                <\/div>\n            \n            \n            <div class=\"product-excerpt\">\n                <h3 style=\"text-align: center;\"><span style=\"color: #ffffff;\"><strong>S\u00e9cateurs en hauteur pour le jardinage et l'am\u00e9nagement paysager<\/strong><\/span><\/h3>            <\/div>\n\n                    <\/div>\n    <\/div>\n<\/div>\n\n                \n            <\/div> <!-- .row -->\n        <\/div>[\/vc_column][\/vc_row][vc_row disable_element=&#8221;yes&#8221;][vc_column]<div class=\"woocommerce\">                        <div class=\"row products-loop products-grid row-count-4 columns-4\">\n\n                \n                    <div class=\"first col-lg-4 col-sm-4 col-xs-6 wishlist-disabled product type-product post-92970 status-publish instock product_cat-ciseaux-jar product_cat-cisailles-deux-mains product_cat-garden-fr product_cat-accueil-fournitures product_tag-produits-kamikaze has-post-thumbnail shipping-taxable product-type-simple\">\n        <div class=\"content-product\">\n        <img loading=\"lazy\" decoding=\"async\" width=\"360\" height=\"360\" src=\"https:\/\/gruposanz.es\/wp-content\/uploads\/2024\/08\/17271.-KM750_2-360x360.png\" class=\"attachment-woocommerce_thumbnail size-woocommerce_thumbnail\" alt=\"Tijera 2 manos KM750\" srcset=\"https:\/\/gruposanz.es\/wp-content\/uploads\/2024\/08\/17271.-KM750_2-360x360.png 360w, https:\/\/gruposanz.es\/wp-content\/uploads\/2024\/08\/17271.-KM750_2-262x262.png 262w, https:\/\/gruposanz.es\/wp-content\/uploads\/2024\/08\/17271.-KM750_2-150x150.png 150w, https:\/\/gruposanz.es\/wp-content\/uploads\/2024\/08\/17271.-KM750_2-100x100.png 100w, https:\/\/gruposanz.es\/wp-content\/uploads\/2024\/08\/17271.-KM750_2.png 555w\" sizes=\"auto, (max-width: 360px) 100vw, 360px\" \/>        <div class=\"product-image-wrapper hover-effect-disable\">\n                <a class=\"product-content-image\" href=\"https:\/\/gruposanz.es\/fr\/producto\/secateur-a-deux-mains-km750\" data-images=\"\">\n                                                            <img loading=\"lazy\" decoding=\"async\" width=\"360\" height=\"360\" src=\"https:\/\/gruposanz.es\/wp-content\/uploads\/2024\/08\/17271.-KM750_2-360x360.png\" class=\"attachment-woocommerce_thumbnail size-woocommerce_thumbnail wp-post-image\" alt=\"S\u00e9cateur \u00e0 deux mains KM750\" title=\"S\u00e9cateur \u00e0 deux mains KM750\" srcset=\"https:\/\/gruposanz.es\/wp-content\/uploads\/2024\/08\/17271.-KM750_2-360x360.png 360w, https:\/\/gruposanz.es\/wp-content\/uploads\/2024\/08\/17271.-KM750_2-262x262.png 262w, https:\/\/gruposanz.es\/wp-content\/uploads\/2024\/08\/17271.-KM750_2-150x150.png 150w, https:\/\/gruposanz.es\/wp-content\/uploads\/2024\/08\/17271.-KM750_2-100x100.png 100w, https:\/\/gruposanz.es\/wp-content\/uploads\/2024\/08\/17271.-KM750_2.png 555w\" sizes=\"auto, (max-width: 360px) 100vw, 360px\" \/>                                    <\/a>\n                        <\/div>\n\n        <div class=\"text-center product-details\">\n            \n                            <div class=\"product-title\">\n                   <a href=\"https:\/\/gruposanz.es\/fr\/producto\/secateur-a-deux-mains-km750\">S\u00e9cateur \u00e0 deux mains KM750<\/a>\n                <\/div>\n            \n            \n            <div class=\"product-excerpt\">\n                <h3 style=\"text-align: center;\"><span style=\"color: #ffffff;\"><strong>S\u00e9cateurs \u00e0 deux mains pour le jardinage et l'am\u00e9nagement paysager<\/strong><\/span><\/h3>            <\/div>\n\n                    <\/div>\n    <\/div>\n<\/div>\n\n                \n                    <div class=\"col-lg-4 col-sm-4 col-xs-6 wishlist-disabled product type-product post-92983 status-publish last instock product_cat-ciseaux-jar product_cat-cisailles-deux-mains product_cat-garden-fr product_cat-accueil-fournitures product_tag-produits-kamikaze has-post-thumbnail shipping-taxable product-type-simple\">\n        <div class=\"content-product\">\n        <img loading=\"lazy\" decoding=\"async\" width=\"360\" height=\"360\" src=\"https:\/\/gruposanz.es\/wp-content\/uploads\/2024\/08\/km752-360x360.png\" class=\"attachment-woocommerce_thumbnail size-woocommerce_thumbnail\" alt=\"S\u00e9cateur \u00e0 deux mains KM752\" srcset=\"https:\/\/gruposanz.es\/wp-content\/uploads\/2024\/08\/km752-360x360.png 360w, https:\/\/gruposanz.es\/wp-content\/uploads\/2024\/08\/km752-262x262.png 262w, https:\/\/gruposanz.es\/wp-content\/uploads\/2024\/08\/km752-150x150.png 150w, https:\/\/gruposanz.es\/wp-content\/uploads\/2024\/08\/km752-100x100.png 100w, https:\/\/gruposanz.es\/wp-content\/uploads\/2024\/08\/km752.png 555w\" sizes=\"auto, (max-width: 360px) 100vw, 360px\" \/>        <div class=\"product-image-wrapper hover-effect-disable\">\n                <a class=\"product-content-image\" href=\"https:\/\/gruposanz.es\/fr\/producto\/secateur-a-deux-mains-km752\" data-images=\"\">\n                                                            <img loading=\"lazy\" decoding=\"async\" width=\"360\" height=\"360\" src=\"https:\/\/gruposanz.es\/wp-content\/uploads\/2024\/08\/km752-360x360.png\" class=\"attachment-woocommerce_thumbnail size-woocommerce_thumbnail wp-post-image\" alt=\"S\u00e9cateur \u00e0 deux mains KM752\" title=\"S\u00e9cateur \u00e0 deux mains KM752\" srcset=\"https:\/\/gruposanz.es\/wp-content\/uploads\/2024\/08\/km752-360x360.png 360w, https:\/\/gruposanz.es\/wp-content\/uploads\/2024\/08\/km752-262x262.png 262w, https:\/\/gruposanz.es\/wp-content\/uploads\/2024\/08\/km752-150x150.png 150w, https:\/\/gruposanz.es\/wp-content\/uploads\/2024\/08\/km752-100x100.png 100w, https:\/\/gruposanz.es\/wp-content\/uploads\/2024\/08\/km752.png 555w\" sizes=\"auto, (max-width: 360px) 100vw, 360px\" \/>                                    <\/a>\n                        <\/div>\n\n        <div class=\"text-center product-details\">\n            \n                            <div class=\"product-title\">\n                   <a href=\"https:\/\/gruposanz.es\/fr\/producto\/secateur-a-deux-mains-km752\">S\u00e9cateur \u00e0 deux mains KM752<\/a>\n                <\/div>\n            \n            \n            <div class=\"product-excerpt\">\n                <h3 style=\"text-align: center;\"><span style=\"color: #ffffff;\"><strong>S\u00e9cateurs \u00e0 deux mains pour le jardinage et l'am\u00e9nagement paysager<\/strong><\/span><\/h3>            <\/div>\n\n                    <\/div>\n    <\/div>\n<\/div>\n\n                \n                    <div class=\"first col-lg-4 col-sm-4 col-xs-6 wishlist-disabled product type-product post-92986 status-publish instock product_cat-ciseaux-jar product_cat-cisailles-deux-mains product_cat-garden-fr product_cat-accueil-fournitures product_tag-produits-kamikaze has-post-thumbnail shipping-taxable product-type-simple\">\n        <div class=\"content-product\">\n        <img loading=\"lazy\" decoding=\"async\" width=\"360\" height=\"360\" src=\"https:\/\/gruposanz.es\/wp-content\/uploads\/2024\/08\/KM760-360x360.png\" class=\"attachment-woocommerce_thumbnail size-woocommerce_thumbnail\" alt=\"Tijera 2 manos km760\" srcset=\"https:\/\/gruposanz.es\/wp-content\/uploads\/2024\/08\/KM760-360x360.png 360w, https:\/\/gruposanz.es\/wp-content\/uploads\/2024\/08\/KM760-262x262.png 262w, https:\/\/gruposanz.es\/wp-content\/uploads\/2024\/08\/KM760-150x150.png 150w, https:\/\/gruposanz.es\/wp-content\/uploads\/2024\/08\/KM760-555x555.png 555w, https:\/\/gruposanz.es\/wp-content\/uploads\/2024\/08\/KM760-100x100.png 100w, https:\/\/gruposanz.es\/wp-content\/uploads\/2024\/08\/KM760.png 595w\" sizes=\"auto, (max-width: 360px) 100vw, 360px\" \/>        <div class=\"product-image-wrapper hover-effect-disable\">\n                <a class=\"product-content-image\" href=\"https:\/\/gruposanz.es\/fr\/producto\/secateur-a-deux-mains-km760\" data-images=\"\">\n                                                            <img loading=\"lazy\" decoding=\"async\" width=\"360\" height=\"360\" src=\"https:\/\/gruposanz.es\/wp-content\/uploads\/2024\/08\/KM760-360x360.png\" class=\"attachment-woocommerce_thumbnail size-woocommerce_thumbnail wp-post-image\" alt=\"S\u00e9cateur \u00e0 deux mains KM760\" title=\"S\u00e9cateur \u00e0 deux mains KM760\" srcset=\"https:\/\/gruposanz.es\/wp-content\/uploads\/2024\/08\/KM760-360x360.png 360w, https:\/\/gruposanz.es\/wp-content\/uploads\/2024\/08\/KM760-262x262.png 262w, https:\/\/gruposanz.es\/wp-content\/uploads\/2024\/08\/KM760-150x150.png 150w, https:\/\/gruposanz.es\/wp-content\/uploads\/2024\/08\/KM760-555x555.png 555w, https:\/\/gruposanz.es\/wp-content\/uploads\/2024\/08\/KM760-100x100.png 100w, https:\/\/gruposanz.es\/wp-content\/uploads\/2024\/08\/KM760.png 595w\" sizes=\"auto, (max-width: 360px) 100vw, 360px\" \/>                                    <\/a>\n                        <\/div>\n\n        <div class=\"text-center product-details\">\n            \n                            <div class=\"product-title\">\n                   <a href=\"https:\/\/gruposanz.es\/fr\/producto\/secateur-a-deux-mains-km760\">S\u00e9cateur \u00e0 deux mains KM760<\/a>\n                <\/div>\n            \n            \n            <div class=\"product-excerpt\">\n                <h3 style=\"text-align: center;\"><span style=\"color: #ffffff;\"><strong>S\u00e9cateurs \u00e0 deux mains pour le jardinage et l'am\u00e9nagement paysager<\/strong><\/span><\/h3>            <\/div>\n\n                    <\/div>\n    <\/div>\n<\/div>\n\n                \n                    <div class=\"col-lg-4 col-sm-4 col-xs-6 wishlist-disabled product type-product post-92989 status-publish last instock product_cat-ciseaux-jar product_cat-cisailles-deux-mains product_cat-garden-fr product_cat-accueil-fournitures product_tag-produits-kamikaze has-post-thumbnail shipping-taxable product-type-simple\">\n        <div class=\"content-product\">\n        <img loading=\"lazy\" decoding=\"async\" width=\"360\" height=\"360\" src=\"https:\/\/gruposanz.es\/wp-content\/uploads\/2024\/08\/KM770-360x360.png\" class=\"attachment-woocommerce_thumbnail size-woocommerce_thumbnail\" alt=\"FTC17274-KM770.pdf\" srcset=\"https:\/\/gruposanz.es\/wp-content\/uploads\/2024\/08\/KM770-360x360.png 360w, https:\/\/gruposanz.es\/wp-content\/uploads\/2024\/08\/KM770-262x262.png 262w, https:\/\/gruposanz.es\/wp-content\/uploads\/2024\/08\/KM770-150x150.png 150w, https:\/\/gruposanz.es\/wp-content\/uploads\/2024\/08\/KM770-555x555.png 555w, https:\/\/gruposanz.es\/wp-content\/uploads\/2024\/08\/KM770-100x100.png 100w, https:\/\/gruposanz.es\/wp-content\/uploads\/2024\/08\/KM770.png 595w\" sizes=\"auto, (max-width: 360px) 100vw, 360px\" \/>        <div class=\"product-image-wrapper hover-effect-disable\">\n                <a class=\"product-content-image\" href=\"https:\/\/gruposanz.es\/fr\/producto\/secateur-a-deux-mains-km770\" data-images=\"\">\n                                                            <img loading=\"lazy\" decoding=\"async\" width=\"360\" height=\"360\" src=\"https:\/\/gruposanz.es\/wp-content\/uploads\/2024\/08\/KM770-360x360.png\" class=\"attachment-woocommerce_thumbnail size-woocommerce_thumbnail wp-post-image\" alt=\"S\u00e9cateur \u00e0 deux mains KM770\" title=\"S\u00e9cateur \u00e0 deux mains KM770\" srcset=\"https:\/\/gruposanz.es\/wp-content\/uploads\/2024\/08\/KM770-360x360.png 360w, https:\/\/gruposanz.es\/wp-content\/uploads\/2024\/08\/KM770-262x262.png 262w, https:\/\/gruposanz.es\/wp-content\/uploads\/2024\/08\/KM770-150x150.png 150w, https:\/\/gruposanz.es\/wp-content\/uploads\/2024\/08\/KM770-555x555.png 555w, https:\/\/gruposanz.es\/wp-content\/uploads\/2024\/08\/KM770-100x100.png 100w, https:\/\/gruposanz.es\/wp-content\/uploads\/2024\/08\/KM770.png 595w\" sizes=\"auto, (max-width: 360px) 100vw, 360px\" \/>                                    <\/a>\n                        <\/div>\n\n        <div class=\"text-center product-details\">\n            \n                            <div class=\"product-title\">\n                   <a href=\"https:\/\/gruposanz.es\/fr\/producto\/secateur-a-deux-mains-km770\">S\u00e9cateur \u00e0 deux mains KM770<\/a>\n                <\/div>\n            \n            \n            <div class=\"product-excerpt\">\n                <h3 style=\"text-align: center;\"><span style=\"color: #ffffff;\"><strong>S\u00e9cateurs \u00e0 deux mains pour le jardinage et l'am\u00e9nagement paysager<\/strong><\/span><\/h3>            <\/div>\n\n                    <\/div>\n    <\/div>\n<\/div>\n\n                \n            <\/div> <!-- .row -->\n        <\/div>[\/vc_column][\/vc_row][vc_row disable_element=&#8221;yes&#8221;][vc_column]<div class=\"woocommerce\">                        <div class=\"row products-loop products-grid row-count-4 columns-4\">\n\n                \n                    <div class=\"first col-lg-4 col-sm-4 col-xs-6 wishlist-disabled product type-product post-92875 status-publish instock product_cat-accueil-fournitures product_cat-outils-accueil-fornitures product_cat-outils-de-jardin product_tag-produits-kamikaze has-post-thumbnail shipping-taxable product-type-simple\">\n        <div class=\"content-product\">\n        <img loading=\"lazy\" decoding=\"async\" width=\"360\" height=\"360\" src=\"https:\/\/gruposanz.es\/wp-content\/uploads\/2024\/08\/rastrillo3en1-360x360.png\" class=\"attachment-woocommerce_thumbnail size-woocommerce_thumbnail\" alt=\"Rastrillo 3x1 Kamikaze\" srcset=\"https:\/\/gruposanz.es\/wp-content\/uploads\/2024\/08\/rastrillo3en1-360x360.png 360w, https:\/\/gruposanz.es\/wp-content\/uploads\/2024\/08\/rastrillo3en1-262x262.png 262w, https:\/\/gruposanz.es\/wp-content\/uploads\/2024\/08\/rastrillo3en1-150x150.png 150w, https:\/\/gruposanz.es\/wp-content\/uploads\/2024\/08\/rastrillo3en1-555x555.png 555w, https:\/\/gruposanz.es\/wp-content\/uploads\/2024\/08\/rastrillo3en1-100x100.png 100w, https:\/\/gruposanz.es\/wp-content\/uploads\/2024\/08\/rastrillo3en1.png 595w\" sizes=\"auto, (max-width: 360px) 100vw, 360px\" \/>        <div class=\"product-image-wrapper hover-effect-disable\">\n                <a class=\"product-content-image\" href=\"https:\/\/gruposanz.es\/fr\/producto\/rateau-3x1-kamikaze\" data-images=\"\">\n                                                            <img loading=\"lazy\" decoding=\"async\" width=\"360\" height=\"360\" src=\"https:\/\/gruposanz.es\/wp-content\/uploads\/2024\/08\/rastrillo3en1-360x360.png\" class=\"attachment-woocommerce_thumbnail size-woocommerce_thumbnail wp-post-image\" alt=\"R\u00e2teau 3x1 Kamikaze\" title=\"R\u00e2teau 3x1 Kamikaze\" srcset=\"https:\/\/gruposanz.es\/wp-content\/uploads\/2024\/08\/rastrillo3en1-360x360.png 360w, https:\/\/gruposanz.es\/wp-content\/uploads\/2024\/08\/rastrillo3en1-262x262.png 262w, https:\/\/gruposanz.es\/wp-content\/uploads\/2024\/08\/rastrillo3en1-150x150.png 150w, https:\/\/gruposanz.es\/wp-content\/uploads\/2024\/08\/rastrillo3en1-555x555.png 555w, https:\/\/gruposanz.es\/wp-content\/uploads\/2024\/08\/rastrillo3en1-100x100.png 100w, https:\/\/gruposanz.es\/wp-content\/uploads\/2024\/08\/rastrillo3en1.png 595w\" sizes=\"auto, (max-width: 360px) 100vw, 360px\" \/>                                    <\/a>\n                        <\/div>\n\n        <div class=\"text-center product-details\">\n            \n                            <div class=\"product-title\">\n                   <a href=\"https:\/\/gruposanz.es\/fr\/producto\/rateau-3x1-kamikaze\">R\u00e2teau 3&#215;1 Kamikaze<\/a>\n                <\/div>\n            \n            \n            <div class=\"product-excerpt\">\n                <h3 style=\"text-align: center;\"><span style=\"color: #ffffff;\"><strong>Outils de jardinage<\/strong><\/span><\/h3>            <\/div>\n\n                    <\/div>\n    <\/div>\n<\/div>\n\n                \n                    <div class=\"col-lg-4 col-sm-4 col-xs-6 wishlist-disabled product type-product post-93033 status-publish last instock product_cat-agricole product_cat-multi-tool-fr product_cat-outils product_tag-produits-kamikaze has-post-thumbnail shipping-taxable product-type-simple\">\n        <div class=\"content-product\">\n        <img loading=\"lazy\" decoding=\"async\" width=\"360\" height=\"360\" src=\"https:\/\/gruposanz.es\/wp-content\/uploads\/2024\/08\/555x555-01-360x360.png\" class=\"attachment-woocommerce_thumbnail size-woocommerce_thumbnail\" alt=\"Alargador telex 2x1,5 m\" srcset=\"https:\/\/gruposanz.es\/wp-content\/uploads\/2024\/08\/555x555-01-360x360.png 360w, https:\/\/gruposanz.es\/wp-content\/uploads\/2024\/08\/555x555-01-262x262.png 262w, https:\/\/gruposanz.es\/wp-content\/uploads\/2024\/08\/555x555-01-1024x1024.png 1024w, https:\/\/gruposanz.es\/wp-content\/uploads\/2024\/08\/555x555-01-150x150.png 150w, https:\/\/gruposanz.es\/wp-content\/uploads\/2024\/08\/555x555-01-768x768.png 768w, https:\/\/gruposanz.es\/wp-content\/uploads\/2024\/08\/555x555-01-1536x1536.png 1536w, https:\/\/gruposanz.es\/wp-content\/uploads\/2024\/08\/555x555-01-2048x2048.png 2048w, https:\/\/gruposanz.es\/wp-content\/uploads\/2024\/08\/555x555-01-555x555.png 555w, https:\/\/gruposanz.es\/wp-content\/uploads\/2024\/08\/555x555-01-100x100.png 100w\" sizes=\"auto, (max-width: 360px) 100vw, 360px\" \/>        <div class=\"product-image-wrapper hover-effect-disable\">\n                <a class=\"product-content-image\" href=\"https:\/\/gruposanz.es\/fr\/producto\/rallonge-telex-2x15-m\" data-images=\"\">\n                                                            <img loading=\"lazy\" decoding=\"async\" width=\"360\" height=\"360\" src=\"https:\/\/gruposanz.es\/wp-content\/uploads\/2024\/08\/555x555-01-360x360.png\" class=\"attachment-woocommerce_thumbnail size-woocommerce_thumbnail wp-post-image\" alt=\"Rallonge T\u00e9lex 2x1,5 m\" title=\"Rallonge T\u00e9lex 2x1,5 m\" srcset=\"https:\/\/gruposanz.es\/wp-content\/uploads\/2024\/08\/555x555-01-360x360.png 360w, https:\/\/gruposanz.es\/wp-content\/uploads\/2024\/08\/555x555-01-262x262.png 262w, https:\/\/gruposanz.es\/wp-content\/uploads\/2024\/08\/555x555-01-1024x1024.png 1024w, https:\/\/gruposanz.es\/wp-content\/uploads\/2024\/08\/555x555-01-150x150.png 150w, https:\/\/gruposanz.es\/wp-content\/uploads\/2024\/08\/555x555-01-768x768.png 768w, https:\/\/gruposanz.es\/wp-content\/uploads\/2024\/08\/555x555-01-1536x1536.png 1536w, https:\/\/gruposanz.es\/wp-content\/uploads\/2024\/08\/555x555-01-2048x2048.png 2048w, https:\/\/gruposanz.es\/wp-content\/uploads\/2024\/08\/555x555-01-555x555.png 555w, https:\/\/gruposanz.es\/wp-content\/uploads\/2024\/08\/555x555-01-100x100.png 100w\" sizes=\"auto, (max-width: 360px) 100vw, 360px\" \/>                                    <\/a>\n                        <\/div>\n\n        <div class=\"text-center product-details\">\n            \n                            <div class=\"product-title\">\n                   <a href=\"https:\/\/gruposanz.es\/fr\/producto\/rallonge-telex-2x15-m\">Rallonge T\u00e9lex 2&#215;1,5 m<\/a>\n                <\/div>\n            \n            \n            <div class=\"product-excerpt\">\n                <h3 style=\"text-align: center;\"><span style=\"color: #ffffff;\"><strong>Outils Multi-Tool pour la taille en agriculture<\/strong><\/span><\/h3>            <\/div>\n\n                    <\/div>\n    <\/div>\n<\/div>\n\n                \n                    <div class=\"first col-lg-4 col-sm-4 col-xs-6 wishlist-disabled product type-product post-93104 status-publish instock product_cat-agricole product_cat-multi-tool-fr product_cat-outils product_tag-produits-kamikaze has-post-thumbnail shipping-taxable product-type-simple\">\n        <div class=\"content-product\">\n        <img loading=\"lazy\" decoding=\"async\" width=\"360\" height=\"360\" src=\"https:\/\/gruposanz.es\/wp-content\/uploads\/2024\/08\/Alargador-telex-3x15-1-360x360.png\" class=\"attachment-woocommerce_thumbnail size-woocommerce_thumbnail\" alt=\"Alargador telex 3x1,5 m\" srcset=\"https:\/\/gruposanz.es\/wp-content\/uploads\/2024\/08\/Alargador-telex-3x15-1-360x360.png 360w, https:\/\/gruposanz.es\/wp-content\/uploads\/2024\/08\/Alargador-telex-3x15-1-262x262.png 262w, https:\/\/gruposanz.es\/wp-content\/uploads\/2024\/08\/Alargador-telex-3x15-1-1024x1024.png 1024w, https:\/\/gruposanz.es\/wp-content\/uploads\/2024\/08\/Alargador-telex-3x15-1-150x150.png 150w, https:\/\/gruposanz.es\/wp-content\/uploads\/2024\/08\/Alargador-telex-3x15-1-768x768.png 768w, https:\/\/gruposanz.es\/wp-content\/uploads\/2024\/08\/Alargador-telex-3x15-1-1536x1536.png 1536w, https:\/\/gruposanz.es\/wp-content\/uploads\/2024\/08\/Alargador-telex-3x15-1-2048x2048.png 2048w, https:\/\/gruposanz.es\/wp-content\/uploads\/2024\/08\/Alargador-telex-3x15-1-555x555.png 555w, https:\/\/gruposanz.es\/wp-content\/uploads\/2024\/08\/Alargador-telex-3x15-1-100x100.png 100w\" sizes=\"auto, (max-width: 360px) 100vw, 360px\" \/>        <div class=\"product-image-wrapper hover-effect-disable\">\n                <a class=\"product-content-image\" href=\"https:\/\/gruposanz.es\/fr\/producto\/rallonge-telex-3x15-m\" data-images=\"\">\n                                                            <img loading=\"lazy\" decoding=\"async\" width=\"360\" height=\"360\" src=\"https:\/\/gruposanz.es\/wp-content\/uploads\/2024\/08\/Alargador-telex-3x15-1-360x360.png\" class=\"attachment-woocommerce_thumbnail size-woocommerce_thumbnail wp-post-image\" alt=\"Rallonge T\u00e9lex 3x1,5 m\" title=\"Rallonge T\u00e9lex 3x1,5 m\" srcset=\"https:\/\/gruposanz.es\/wp-content\/uploads\/2024\/08\/Alargador-telex-3x15-1-360x360.png 360w, https:\/\/gruposanz.es\/wp-content\/uploads\/2024\/08\/Alargador-telex-3x15-1-262x262.png 262w, https:\/\/gruposanz.es\/wp-content\/uploads\/2024\/08\/Alargador-telex-3x15-1-1024x1024.png 1024w, https:\/\/gruposanz.es\/wp-content\/uploads\/2024\/08\/Alargador-telex-3x15-1-150x150.png 150w, https:\/\/gruposanz.es\/wp-content\/uploads\/2024\/08\/Alargador-telex-3x15-1-768x768.png 768w, https:\/\/gruposanz.es\/wp-content\/uploads\/2024\/08\/Alargador-telex-3x15-1-1536x1536.png 1536w, https:\/\/gruposanz.es\/wp-content\/uploads\/2024\/08\/Alargador-telex-3x15-1-2048x2048.png 2048w, https:\/\/gruposanz.es\/wp-content\/uploads\/2024\/08\/Alargador-telex-3x15-1-555x555.png 555w, https:\/\/gruposanz.es\/wp-content\/uploads\/2024\/08\/Alargador-telex-3x15-1-100x100.png 100w\" sizes=\"auto, (max-width: 360px) 100vw, 360px\" \/>                                    <\/a>\n                        <\/div>\n\n        <div class=\"text-center product-details\">\n            \n                            <div class=\"product-title\">\n                   <a href=\"https:\/\/gruposanz.es\/fr\/producto\/rallonge-telex-3x15-m\">Rallonge T\u00e9lex 3&#215;1,5 m<\/a>\n                <\/div>\n            \n            \n            <div class=\"product-excerpt\">\n                <h3 style=\"text-align: center;\"><span style=\"color: #ffffff;\"><strong>Outils Multi-Tool pour la taille en agriculture<\/strong><\/span><\/h3>            <\/div>\n\n                    <\/div>\n    <\/div>\n<\/div>\n\n                \n                    <div class=\"col-lg-4 col-sm-4 col-xs-6 wishlist-disabled product type-product post-93107 status-publish last instock product_cat-agricole product_cat-multi-tool-fr product_cat-outils product_tag-produits-kamikaze has-post-thumbnail shipping-taxable product-type-simple\">\n        <div class=\"content-product\">\n        <img loading=\"lazy\" decoding=\"async\" width=\"360\" height=\"360\" src=\"https:\/\/gruposanz.es\/wp-content\/uploads\/2024\/08\/Alargadortelex3x2-360x360.png\" class=\"attachment-woocommerce_thumbnail size-woocommerce_thumbnail\" alt=\"Alargador telex 3x2 m\" srcset=\"https:\/\/gruposanz.es\/wp-content\/uploads\/2024\/08\/Alargadortelex3x2-360x360.png 360w, https:\/\/gruposanz.es\/wp-content\/uploads\/2024\/08\/Alargadortelex3x2-262x262.png 262w, https:\/\/gruposanz.es\/wp-content\/uploads\/2024\/08\/Alargadortelex3x2-1024x1024.png 1024w, https:\/\/gruposanz.es\/wp-content\/uploads\/2024\/08\/Alargadortelex3x2-150x150.png 150w, https:\/\/gruposanz.es\/wp-content\/uploads\/2024\/08\/Alargadortelex3x2-768x768.png 768w, https:\/\/gruposanz.es\/wp-content\/uploads\/2024\/08\/Alargadortelex3x2-1536x1536.png 1536w, https:\/\/gruposanz.es\/wp-content\/uploads\/2024\/08\/Alargadortelex3x2-555x555.png 555w, https:\/\/gruposanz.es\/wp-content\/uploads\/2024\/08\/Alargadortelex3x2-100x100.png 100w, https:\/\/gruposanz.es\/wp-content\/uploads\/2024\/08\/Alargadortelex3x2.png 2048w\" sizes=\"auto, (max-width: 360px) 100vw, 360px\" \/>        <div class=\"product-image-wrapper hover-effect-disable\">\n                <a class=\"product-content-image\" href=\"https:\/\/gruposanz.es\/fr\/producto\/rallonge-telex-3x2-m\" data-images=\"\">\n                                                            <img loading=\"lazy\" decoding=\"async\" width=\"360\" height=\"360\" src=\"https:\/\/gruposanz.es\/wp-content\/uploads\/2024\/08\/Alargadortelex3x2-360x360.png\" class=\"attachment-woocommerce_thumbnail size-woocommerce_thumbnail wp-post-image\" alt=\"Rallonge T\u00e9lex 3x2 m\" title=\"Rallonge T\u00e9lex 3x2 m\" srcset=\"https:\/\/gruposanz.es\/wp-content\/uploads\/2024\/08\/Alargadortelex3x2-360x360.png 360w, https:\/\/gruposanz.es\/wp-content\/uploads\/2024\/08\/Alargadortelex3x2-262x262.png 262w, https:\/\/gruposanz.es\/wp-content\/uploads\/2024\/08\/Alargadortelex3x2-1024x1024.png 1024w, https:\/\/gruposanz.es\/wp-content\/uploads\/2024\/08\/Alargadortelex3x2-150x150.png 150w, https:\/\/gruposanz.es\/wp-content\/uploads\/2024\/08\/Alargadortelex3x2-768x768.png 768w, https:\/\/gruposanz.es\/wp-content\/uploads\/2024\/08\/Alargadortelex3x2-1536x1536.png 1536w, https:\/\/gruposanz.es\/wp-content\/uploads\/2024\/08\/Alargadortelex3x2-555x555.png 555w, https:\/\/gruposanz.es\/wp-content\/uploads\/2024\/08\/Alargadortelex3x2-100x100.png 100w, https:\/\/gruposanz.es\/wp-content\/uploads\/2024\/08\/Alargadortelex3x2.png 2048w\" sizes=\"auto, (max-width: 360px) 100vw, 360px\" \/>                                    <\/a>\n                        <\/div>\n\n        <div class=\"text-center product-details\">\n            \n                            <div class=\"product-title\">\n                   <a href=\"https:\/\/gruposanz.es\/fr\/producto\/rallonge-telex-3x2-m\">Rallonge T\u00e9lex 3&#215;2 m<\/a>\n                <\/div>\n            \n            \n            <div class=\"product-excerpt\">\n                <h3 style=\"text-align: center;\"><span style=\"color: #ffffff;\"><strong>Outils Multi-Tool pour la taille en agriculture<\/strong><\/span><\/h3>            <\/div>\n\n                    <\/div>\n    <\/div>\n<\/div>\n\n                \n            <\/div> <!-- .row -->\n        <\/div>[\/vc_column][\/vc_row][vc_row disable_element=&#8221;yes&#8221;][vc_column]<div class=\"woocommerce\">                        <div class=\"row products-loop products-grid row-count-4 columns-4\">\n\n                \n                    <div class=\"first col-lg-4 col-sm-4 col-xs-6 wishlist-disabled product type-product post-93121 status-publish instock product_cat-agricole product_cat-multi-tool-fr product_cat-scie product_tag-produits-kamikaze has-post-thumbnail shipping-taxable product-type-simple\">\n        <div class=\"content-product\">\n        <img loading=\"lazy\" decoding=\"async\" width=\"360\" height=\"360\" src=\"https:\/\/gruposanz.es\/wp-content\/uploads\/2024\/08\/18225_multi-tool-BH-330-360x360.png\" class=\"attachment-woocommerce_thumbnail size-woocommerce_thumbnail\" alt=\"Serrucho Kamikaze MT-330 BH Turbo\" srcset=\"https:\/\/gruposanz.es\/wp-content\/uploads\/2024\/08\/18225_multi-tool-BH-330-360x360.png 360w, https:\/\/gruposanz.es\/wp-content\/uploads\/2024\/08\/18225_multi-tool-BH-330-262x262.png 262w, https:\/\/gruposanz.es\/wp-content\/uploads\/2024\/08\/18225_multi-tool-BH-330-150x150.png 150w, https:\/\/gruposanz.es\/wp-content\/uploads\/2024\/08\/18225_multi-tool-BH-330-100x100.png 100w, https:\/\/gruposanz.es\/wp-content\/uploads\/2024\/08\/18225_multi-tool-BH-330.png 555w\" sizes=\"auto, (max-width: 360px) 100vw, 360px\" \/>        <div class=\"product-image-wrapper hover-effect-disable\">\n                <a class=\"product-content-image\" href=\"https:\/\/gruposanz.es\/fr\/producto\/scie-kamikaze-mt-330-bh-turbo\" data-images=\"\">\n                                                            <img loading=\"lazy\" decoding=\"async\" width=\"360\" height=\"360\" src=\"https:\/\/gruposanz.es\/wp-content\/uploads\/2024\/08\/18225_multi-tool-BH-330-360x360.png\" class=\"attachment-woocommerce_thumbnail size-woocommerce_thumbnail wp-post-image\" alt=\"Scie Kamikaze MT-330 BH Turbo\" title=\"Scie Kamikaze MT-330 BH Turbo\" srcset=\"https:\/\/gruposanz.es\/wp-content\/uploads\/2024\/08\/18225_multi-tool-BH-330-360x360.png 360w, https:\/\/gruposanz.es\/wp-content\/uploads\/2024\/08\/18225_multi-tool-BH-330-262x262.png 262w, https:\/\/gruposanz.es\/wp-content\/uploads\/2024\/08\/18225_multi-tool-BH-330-150x150.png 150w, https:\/\/gruposanz.es\/wp-content\/uploads\/2024\/08\/18225_multi-tool-BH-330-100x100.png 100w, https:\/\/gruposanz.es\/wp-content\/uploads\/2024\/08\/18225_multi-tool-BH-330.png 555w\" sizes=\"auto, (max-width: 360px) 100vw, 360px\" \/>                                    <\/a>\n                        <\/div>\n\n        <div class=\"text-center product-details\">\n            \n                            <div class=\"product-title\">\n                   <a href=\"https:\/\/gruposanz.es\/fr\/producto\/scie-kamikaze-mt-330-bh-turbo\">Scie Kamikaze MT-330 BH Turbo<\/a>\n                <\/div>\n            \n            \n            <div class=\"product-excerpt\">\n                <h3 style=\"text-align: center;\"><span style=\"color: #ffffff;\"><strong>Outils Multi-Tool pour la taille en agriculture<\/strong><\/span><\/h3>            <\/div>\n\n                    <\/div>\n    <\/div>\n<\/div>\n\n                \n                    <div class=\"col-lg-4 col-sm-4 col-xs-6 wishlist-disabled product type-product post-93131 status-publish last instock product_cat-agricole product_cat-multi-tool-fr product_cat-scie product_tag-produits-kamikaze has-post-thumbnail shipping-taxable product-type-simple\">\n        <div class=\"content-product\">\n        <img loading=\"lazy\" decoding=\"async\" width=\"360\" height=\"360\" src=\"https:\/\/gruposanz.es\/wp-content\/uploads\/2024\/08\/18225.-Serrucho-Kamikaze-MT-360-BH-Turbo-360x360.png\" class=\"attachment-woocommerce_thumbnail size-woocommerce_thumbnail\" alt=\"Serrucho Kamikaze MT-360 BH Turbo\" srcset=\"https:\/\/gruposanz.es\/wp-content\/uploads\/2024\/08\/18225.-Serrucho-Kamikaze-MT-360-BH-Turbo-360x360.png 360w, https:\/\/gruposanz.es\/wp-content\/uploads\/2024\/08\/18225.-Serrucho-Kamikaze-MT-360-BH-Turbo-262x262.png 262w, https:\/\/gruposanz.es\/wp-content\/uploads\/2024\/08\/18225.-Serrucho-Kamikaze-MT-360-BH-Turbo-150x150.png 150w, https:\/\/gruposanz.es\/wp-content\/uploads\/2024\/08\/18225.-Serrucho-Kamikaze-MT-360-BH-Turbo-100x100.png 100w, https:\/\/gruposanz.es\/wp-content\/uploads\/2024\/08\/18225.-Serrucho-Kamikaze-MT-360-BH-Turbo.png 555w\" sizes=\"auto, (max-width: 360px) 100vw, 360px\" \/>        <div class=\"product-image-wrapper hover-effect-disable\">\n                <a class=\"product-content-image\" href=\"https:\/\/gruposanz.es\/fr\/producto\/scie-kamikaze-mt-360-bh-turbo\" data-images=\"\">\n                                                            <img loading=\"lazy\" decoding=\"async\" width=\"360\" height=\"360\" src=\"https:\/\/gruposanz.es\/wp-content\/uploads\/2024\/08\/18225.-Serrucho-Kamikaze-MT-360-BH-Turbo-360x360.png\" class=\"attachment-woocommerce_thumbnail size-woocommerce_thumbnail wp-post-image\" alt=\"Scie Kamikaze MT-360 BH Turbo\" title=\"Scie Kamikaze MT-360 BH Turbo\" srcset=\"https:\/\/gruposanz.es\/wp-content\/uploads\/2024\/08\/18225.-Serrucho-Kamikaze-MT-360-BH-Turbo-360x360.png 360w, https:\/\/gruposanz.es\/wp-content\/uploads\/2024\/08\/18225.-Serrucho-Kamikaze-MT-360-BH-Turbo-262x262.png 262w, https:\/\/gruposanz.es\/wp-content\/uploads\/2024\/08\/18225.-Serrucho-Kamikaze-MT-360-BH-Turbo-150x150.png 150w, https:\/\/gruposanz.es\/wp-content\/uploads\/2024\/08\/18225.-Serrucho-Kamikaze-MT-360-BH-Turbo-100x100.png 100w, https:\/\/gruposanz.es\/wp-content\/uploads\/2024\/08\/18225.-Serrucho-Kamikaze-MT-360-BH-Turbo.png 555w\" sizes=\"auto, (max-width: 360px) 100vw, 360px\" \/>                                    <\/a>\n                        <\/div>\n\n        <div class=\"text-center product-details\">\n            \n                            <div class=\"product-title\">\n                   <a href=\"https:\/\/gruposanz.es\/fr\/producto\/scie-kamikaze-mt-360-bh-turbo\">Scie Kamikaze MT-360 BH Turbo<\/a>\n                <\/div>\n            \n            \n            <div class=\"product-excerpt\">\n                <h3 style=\"text-align: center;\"><span style=\"color: #ffffff;\"><strong>Outils Multi-Tool pour la taille en agriculture<\/strong><\/span><\/h3>            <\/div>\n\n                    <\/div>\n    <\/div>\n<\/div>\n\n                \n                    <div class=\"first col-lg-4 col-sm-4 col-xs-6 wishlist-disabled product type-product post-93140 status-publish instock product_cat-ciseaux-jar product_cat-garden-fr product_cat-accueil-fournitures product_cat-multi-tool-fr product_cat-secateur-en-hauteur product_tag-produits-kamikaze has-post-thumbnail shipping-taxable product-type-simple\">\n        <div class=\"content-product\">\n        <img loading=\"lazy\" decoding=\"async\" width=\"360\" height=\"360\" src=\"https:\/\/gruposanz.es\/wp-content\/uploads\/2024\/08\/18226.-Tijera-Kamikaze-MT-63-360x360.jpg\" class=\"attachment-woocommerce_thumbnail size-woocommerce_thumbnail\" alt=\"Tijera Kamikaze MT-63\" srcset=\"https:\/\/gruposanz.es\/wp-content\/uploads\/2024\/08\/18226.-Tijera-Kamikaze-MT-63-360x360.jpg 360w, https:\/\/gruposanz.es\/wp-content\/uploads\/2024\/08\/18226.-Tijera-Kamikaze-MT-63-262x262.jpg 262w, https:\/\/gruposanz.es\/wp-content\/uploads\/2024\/08\/18226.-Tijera-Kamikaze-MT-63-1024x1024.jpg 1024w, https:\/\/gruposanz.es\/wp-content\/uploads\/2024\/08\/18226.-Tijera-Kamikaze-MT-63-150x150.jpg 150w, https:\/\/gruposanz.es\/wp-content\/uploads\/2024\/08\/18226.-Tijera-Kamikaze-MT-63-768x768.jpg 768w, https:\/\/gruposanz.es\/wp-content\/uploads\/2024\/08\/18226.-Tijera-Kamikaze-MT-63-1536x1536.jpg 1536w, https:\/\/gruposanz.es\/wp-content\/uploads\/2024\/08\/18226.-Tijera-Kamikaze-MT-63-2048x2048.jpg 2048w, https:\/\/gruposanz.es\/wp-content\/uploads\/2024\/08\/18226.-Tijera-Kamikaze-MT-63-555x555.jpg 555w, https:\/\/gruposanz.es\/wp-content\/uploads\/2024\/08\/18226.-Tijera-Kamikaze-MT-63-100x100.jpg 100w\" sizes=\"auto, (max-width: 360px) 100vw, 360px\" \/>        <div class=\"product-image-wrapper hover-effect-disable\">\n                <a class=\"product-content-image\" href=\"https:\/\/gruposanz.es\/fr\/producto\/secateur-kamikaze-mt-63\" data-images=\"\">\n                                                            <img loading=\"lazy\" decoding=\"async\" width=\"360\" height=\"360\" src=\"https:\/\/gruposanz.es\/wp-content\/uploads\/2024\/08\/18226.-Tijera-Kamikaze-MT-63-360x360.jpg\" class=\"attachment-woocommerce_thumbnail size-woocommerce_thumbnail wp-post-image\" alt=\"S\u00e9cateur Kamikaze MT-63\" title=\"S\u00e9cateur Kamikaze MT-63\" srcset=\"https:\/\/gruposanz.es\/wp-content\/uploads\/2024\/08\/18226.-Tijera-Kamikaze-MT-63-360x360.jpg 360w, https:\/\/gruposanz.es\/wp-content\/uploads\/2024\/08\/18226.-Tijera-Kamikaze-MT-63-262x262.jpg 262w, https:\/\/gruposanz.es\/wp-content\/uploads\/2024\/08\/18226.-Tijera-Kamikaze-MT-63-1024x1024.jpg 1024w, https:\/\/gruposanz.es\/wp-content\/uploads\/2024\/08\/18226.-Tijera-Kamikaze-MT-63-150x150.jpg 150w, https:\/\/gruposanz.es\/wp-content\/uploads\/2024\/08\/18226.-Tijera-Kamikaze-MT-63-768x768.jpg 768w, https:\/\/gruposanz.es\/wp-content\/uploads\/2024\/08\/18226.-Tijera-Kamikaze-MT-63-1536x1536.jpg 1536w, https:\/\/gruposanz.es\/wp-content\/uploads\/2024\/08\/18226.-Tijera-Kamikaze-MT-63-2048x2048.jpg 2048w, https:\/\/gruposanz.es\/wp-content\/uploads\/2024\/08\/18226.-Tijera-Kamikaze-MT-63-555x555.jpg 555w, https:\/\/gruposanz.es\/wp-content\/uploads\/2024\/08\/18226.-Tijera-Kamikaze-MT-63-100x100.jpg 100w\" sizes=\"auto, (max-width: 360px) 100vw, 360px\" \/>                                    <\/a>\n                        <\/div>\n\n        <div class=\"text-center product-details\">\n            \n                            <div class=\"product-title\">\n                   <a href=\"https:\/\/gruposanz.es\/fr\/producto\/secateur-kamikaze-mt-63\">S\u00e9cateur Kamikaze MT-63<\/a>\n                <\/div>\n            \n            \n            <div class=\"product-excerpt\">\n                <h3 style=\"text-align: center;\"><span style=\"color: #ffffff;\"><strong>Outils Multi-Tool pour la taille en agriculture<\/strong><\/span><\/h3>            <\/div>\n\n                    <\/div>\n    <\/div>\n<\/div>\n\n                \n                    <div class=\"col-lg-4 col-sm-4 col-xs-6 wishlist-disabled product type-product post-93076 status-publish last instock product_cat-agricole product_cat-outils-electriques product_cat-tronconneuse-electrique product_tag-produits-kamikaze product_tag-produits-multi-kv has-post-thumbnail shipping-taxable product-type-simple\">\n        <div class=\"content-product\">\n        <img loading=\"lazy\" decoding=\"async\" width=\"360\" height=\"360\" src=\"https:\/\/gruposanz.es\/wp-content\/uploads\/2024\/08\/KV155_555x555-01-360x360.jpg\" class=\"attachment-woocommerce_thumbnail size-woocommerce_thumbnail\" alt=\"Sierra el\u00e9ctrica KVS 5100\" srcset=\"https:\/\/gruposanz.es\/wp-content\/uploads\/2024\/08\/KV155_555x555-01-360x360.jpg 360w, https:\/\/gruposanz.es\/wp-content\/uploads\/2024\/08\/KV155_555x555-01-262x262.jpg 262w, https:\/\/gruposanz.es\/wp-content\/uploads\/2024\/08\/KV155_555x555-01-1024x1024.jpg 1024w, https:\/\/gruposanz.es\/wp-content\/uploads\/2024\/08\/KV155_555x555-01-150x150.jpg 150w, https:\/\/gruposanz.es\/wp-content\/uploads\/2024\/08\/KV155_555x555-01-768x768.jpg 768w, https:\/\/gruposanz.es\/wp-content\/uploads\/2024\/08\/KV155_555x555-01-1536x1536.jpg 1536w, https:\/\/gruposanz.es\/wp-content\/uploads\/2024\/08\/KV155_555x555-01-2048x2048.jpg 2048w, https:\/\/gruposanz.es\/wp-content\/uploads\/2024\/08\/KV155_555x555-01-555x555.jpg 555w, https:\/\/gruposanz.es\/wp-content\/uploads\/2024\/08\/KV155_555x555-01-100x100.jpg 100w\" sizes=\"auto, (max-width: 360px) 100vw, 360px\" \/>        <div class=\"product-image-wrapper hover-effect-disable\">\n                <a class=\"product-content-image\" href=\"https:\/\/gruposanz.es\/fr\/producto\/tronconneuse-electrique-kvs-5100\" data-images=\"\">\n                                                            <img loading=\"lazy\" decoding=\"async\" width=\"360\" height=\"360\" src=\"https:\/\/gruposanz.es\/wp-content\/uploads\/2024\/08\/KV155_555x555-01-360x360.jpg\" class=\"attachment-woocommerce_thumbnail size-woocommerce_thumbnail wp-post-image\" alt=\"Tron\u00e7onneuse \u00e9lectrique KVS 5100\" title=\"Tron\u00e7onneuse \u00e9lectrique KVS 5100\" srcset=\"https:\/\/gruposanz.es\/wp-content\/uploads\/2024\/08\/KV155_555x555-01-360x360.jpg 360w, https:\/\/gruposanz.es\/wp-content\/uploads\/2024\/08\/KV155_555x555-01-262x262.jpg 262w, https:\/\/gruposanz.es\/wp-content\/uploads\/2024\/08\/KV155_555x555-01-1024x1024.jpg 1024w, https:\/\/gruposanz.es\/wp-content\/uploads\/2024\/08\/KV155_555x555-01-150x150.jpg 150w, https:\/\/gruposanz.es\/wp-content\/uploads\/2024\/08\/KV155_555x555-01-768x768.jpg 768w, https:\/\/gruposanz.es\/wp-content\/uploads\/2024\/08\/KV155_555x555-01-1536x1536.jpg 1536w, https:\/\/gruposanz.es\/wp-content\/uploads\/2024\/08\/KV155_555x555-01-2048x2048.jpg 2048w, https:\/\/gruposanz.es\/wp-content\/uploads\/2024\/08\/KV155_555x555-01-555x555.jpg 555w, https:\/\/gruposanz.es\/wp-content\/uploads\/2024\/08\/KV155_555x555-01-100x100.jpg 100w\" sizes=\"auto, (max-width: 360px) 100vw, 360px\" \/>                                    <\/a>\n                        <\/div>\n\n        <div class=\"text-center product-details\">\n            \n                            <div class=\"product-title\">\n                   <a href=\"https:\/\/gruposanz.es\/fr\/producto\/tronconneuse-electrique-kvs-5100\">Tron\u00e7onneuse \u00e9lectrique KVS 5100<\/a>\n                <\/div>\n            \n            \n            <div class=\"product-excerpt\">\n                <h3 style=\"text-align: center;\"><span style=\"color: #ffffff;\"><strong>Notre objectif est d\u00b4avoir la plus large gamme d\u00b4outils pour la taille, autant pour des cultures basses comme en hauteurs et qui soient accessibles pour le plus grand nombre d\u00b4utilisateurs.<\/strong><\/span><\/h3>            <\/div>\n\n                    <\/div>\n    <\/div>\n<\/div>\n\n                \n            <\/div> <!-- .row -->\n        <\/div>[\/vc_column][\/vc_row][vc_row disable_element=&#8221;yes&#8221;][vc_column]<div class=\"woocommerce\">                        <div class=\"row products-loop products-grid row-count-4 columns-4\">\n\n                \n                    <div class=\"first col-lg-4 col-sm-4 col-xs-6 wishlist-disabled product type-product post-93036 status-publish instock product_cat-agricole product_cat-outils-electriques product_cat-secateurs-electriques-en-hateur product_tag-produits-kamikaze product_tag-produits-multi-kv has-post-thumbnail shipping-taxable product-type-simple\">\n        <div class=\"content-product\">\n        <img loading=\"lazy\" decoding=\"async\" width=\"360\" height=\"360\" src=\"https:\/\/gruposanz.es\/wp-content\/uploads\/2024\/09\/KV155_555x555-01-360x360.jpg\" class=\"attachment-woocommerce_thumbnail size-woocommerce_thumbnail\" alt=\"S\u00e9cateurs \u00e9lectriques en hauteur KV 155\" srcset=\"https:\/\/gruposanz.es\/wp-content\/uploads\/2024\/09\/KV155_555x555-01-360x360.jpg 360w, https:\/\/gruposanz.es\/wp-content\/uploads\/2024\/09\/KV155_555x555-01-262x262.jpg 262w, https:\/\/gruposanz.es\/wp-content\/uploads\/2024\/09\/KV155_555x555-01-1024x1024.jpg 1024w, https:\/\/gruposanz.es\/wp-content\/uploads\/2024\/09\/KV155_555x555-01-150x150.jpg 150w, https:\/\/gruposanz.es\/wp-content\/uploads\/2024\/09\/KV155_555x555-01-768x768.jpg 768w, https:\/\/gruposanz.es\/wp-content\/uploads\/2024\/09\/KV155_555x555-01-1536x1536.jpg 1536w, https:\/\/gruposanz.es\/wp-content\/uploads\/2024\/09\/KV155_555x555-01-2048x2048.jpg 2048w, https:\/\/gruposanz.es\/wp-content\/uploads\/2024\/09\/KV155_555x555-01-555x555.jpg 555w, https:\/\/gruposanz.es\/wp-content\/uploads\/2024\/09\/KV155_555x555-01-100x100.jpg 100w\" sizes=\"auto, (max-width: 360px) 100vw, 360px\" \/>        <div class=\"product-image-wrapper hover-effect-disable\">\n                <a class=\"product-content-image\" href=\"https:\/\/gruposanz.es\/fr\/producto\/secateurs-electriques-en-hauteur-kv-155\" data-images=\"\">\n                                                            <img loading=\"lazy\" decoding=\"async\" width=\"360\" height=\"360\" src=\"https:\/\/gruposanz.es\/wp-content\/uploads\/2024\/09\/KV155_555x555-01-360x360.jpg\" class=\"attachment-woocommerce_thumbnail size-woocommerce_thumbnail wp-post-image\" alt=\"S\u00e9cateurs \u00e9lectriques en hauteur KV 155\" title=\"S\u00e9cateurs \u00e9lectriques en hauteur KV 155\" srcset=\"https:\/\/gruposanz.es\/wp-content\/uploads\/2024\/09\/KV155_555x555-01-360x360.jpg 360w, https:\/\/gruposanz.es\/wp-content\/uploads\/2024\/09\/KV155_555x555-01-262x262.jpg 262w, https:\/\/gruposanz.es\/wp-content\/uploads\/2024\/09\/KV155_555x555-01-1024x1024.jpg 1024w, https:\/\/gruposanz.es\/wp-content\/uploads\/2024\/09\/KV155_555x555-01-150x150.jpg 150w, https:\/\/gruposanz.es\/wp-content\/uploads\/2024\/09\/KV155_555x555-01-768x768.jpg 768w, https:\/\/gruposanz.es\/wp-content\/uploads\/2024\/09\/KV155_555x555-01-1536x1536.jpg 1536w, https:\/\/gruposanz.es\/wp-content\/uploads\/2024\/09\/KV155_555x555-01-2048x2048.jpg 2048w, https:\/\/gruposanz.es\/wp-content\/uploads\/2024\/09\/KV155_555x555-01-555x555.jpg 555w, https:\/\/gruposanz.es\/wp-content\/uploads\/2024\/09\/KV155_555x555-01-100x100.jpg 100w\" sizes=\"auto, (max-width: 360px) 100vw, 360px\" \/>                                    <\/a>\n                        <\/div>\n\n        <div class=\"text-center product-details\">\n            \n                            <div class=\"product-title\">\n                   <a href=\"https:\/\/gruposanz.es\/fr\/producto\/secateurs-electriques-en-hauteur-kv-155\">S\u00e9cateurs \u00e9lectriques en hauteur KV 155<\/a>\n                <\/div>\n            \n            \n            <div class=\"product-excerpt\">\n                <h3 style=\"text-align: center;\"><span style=\"color: #ffffff;\"><strong>Notre objectif est d\u00b4avoir la plus large gamme d\u00b4outils pour la taille, autant pour des cultures basses comme en hauteurs et qui soient accessibles pour le plus grand nombre d\u00b4utilisateurs.<\/strong><\/span><\/h3>            <\/div>\n\n                    <\/div>\n    <\/div>\n<\/div>\n\n                \n                    <div class=\"col-lg-4 col-sm-4 col-xs-6 wishlist-disabled product type-product post-93039 status-publish last instock product_cat-agricole product_cat-outils-electriques product_cat-secateurs-electriques-en-hateur product_tag-produits-kamikaze product_tag-produits-multi-kv has-post-thumbnail shipping-taxable product-type-simple\">\n        <div class=\"content-product\">\n        <img loading=\"lazy\" decoding=\"async\" width=\"360\" height=\"360\" src=\"https:\/\/gruposanz.es\/wp-content\/uploads\/2024\/08\/KV205_555x555-01-360x360.jpg\" class=\"attachment-woocommerce_thumbnail size-woocommerce_thumbnail\" alt=\"P\u00e9rtiga el\u00e9ctrica KV205\" srcset=\"https:\/\/gruposanz.es\/wp-content\/uploads\/2024\/08\/KV205_555x555-01-360x360.jpg 360w, https:\/\/gruposanz.es\/wp-content\/uploads\/2024\/08\/KV205_555x555-01-262x262.jpg 262w, https:\/\/gruposanz.es\/wp-content\/uploads\/2024\/08\/KV205_555x555-01-1024x1024.jpg 1024w, https:\/\/gruposanz.es\/wp-content\/uploads\/2024\/08\/KV205_555x555-01-150x150.jpg 150w, https:\/\/gruposanz.es\/wp-content\/uploads\/2024\/08\/KV205_555x555-01-768x768.jpg 768w, https:\/\/gruposanz.es\/wp-content\/uploads\/2024\/08\/KV205_555x555-01-1536x1536.jpg 1536w, https:\/\/gruposanz.es\/wp-content\/uploads\/2024\/08\/KV205_555x555-01-2048x2048.jpg 2048w, https:\/\/gruposanz.es\/wp-content\/uploads\/2024\/08\/KV205_555x555-01-555x555.jpg 555w, https:\/\/gruposanz.es\/wp-content\/uploads\/2024\/08\/KV205_555x555-01-100x100.jpg 100w\" sizes=\"auto, (max-width: 360px) 100vw, 360px\" \/>        <div class=\"product-image-wrapper hover-effect-disable\">\n                <a class=\"product-content-image\" href=\"https:\/\/gruposanz.es\/fr\/producto\/secateurs-electriques-en-hauteur-kv-205\" data-images=\"\">\n                                                            <img loading=\"lazy\" decoding=\"async\" width=\"360\" height=\"360\" src=\"https:\/\/gruposanz.es\/wp-content\/uploads\/2024\/08\/KV205_555x555-01-360x360.jpg\" class=\"attachment-woocommerce_thumbnail size-woocommerce_thumbnail wp-post-image\" alt=\"S\u00e9cateurs \u00e9lectriques en hauteur KV 205\" title=\"S\u00e9cateurs \u00e9lectriques en hauteur KV 205\" srcset=\"https:\/\/gruposanz.es\/wp-content\/uploads\/2024\/08\/KV205_555x555-01-360x360.jpg 360w, https:\/\/gruposanz.es\/wp-content\/uploads\/2024\/08\/KV205_555x555-01-262x262.jpg 262w, https:\/\/gruposanz.es\/wp-content\/uploads\/2024\/08\/KV205_555x555-01-1024x1024.jpg 1024w, https:\/\/gruposanz.es\/wp-content\/uploads\/2024\/08\/KV205_555x555-01-150x150.jpg 150w, https:\/\/gruposanz.es\/wp-content\/uploads\/2024\/08\/KV205_555x555-01-768x768.jpg 768w, https:\/\/gruposanz.es\/wp-content\/uploads\/2024\/08\/KV205_555x555-01-1536x1536.jpg 1536w, https:\/\/gruposanz.es\/wp-content\/uploads\/2024\/08\/KV205_555x555-01-2048x2048.jpg 2048w, https:\/\/gruposanz.es\/wp-content\/uploads\/2024\/08\/KV205_555x555-01-555x555.jpg 555w, https:\/\/gruposanz.es\/wp-content\/uploads\/2024\/08\/KV205_555x555-01-100x100.jpg 100w\" sizes=\"auto, (max-width: 360px) 100vw, 360px\" \/>                                    <\/a>\n                        <\/div>\n\n        <div class=\"text-center product-details\">\n            \n                            <div class=\"product-title\">\n                   <a href=\"https:\/\/gruposanz.es\/fr\/producto\/secateurs-electriques-en-hauteur-kv-205\">S\u00e9cateurs \u00e9lectriques en hauteur KV 205<\/a>\n                <\/div>\n            \n            \n            <div class=\"product-excerpt\">\n                <h3 style=\"text-align: center;\"><span style=\"color: #ffffff;\"><strong>Notre objectif est d\u00b4avoir la plus large gamme d\u00b4outils pour la taille, autant pour des cultures basses comme en hauteurs et qui soient accessibles pour le plus grand nombre d\u00b4utilisateurs.<\/strong><\/span><\/h3>            <\/div>\n\n                    <\/div>\n    <\/div>\n<\/div>\n\n                \n                    <div class=\"first col-lg-4 col-sm-4 col-xs-6 wishlist-disabled product type-product post-93068 status-publish instock product_cat-agricole product_cat-outils-electriques product_cat-secateurs-electriques product_tag-produits-kamikaze product_tag-produits-multi-kv has-post-thumbnail shipping-taxable product-type-simple\">\n        <div class=\"content-product\">\n        <img loading=\"lazy\" decoding=\"async\" width=\"360\" height=\"360\" src=\"https:\/\/gruposanz.es\/wp-content\/uploads\/2024\/08\/KV280_555x555-01-360x360.jpg\" class=\"attachment-woocommerce_thumbnail size-woocommerce_thumbnail\" alt=\"S\u00e9cateurs \u00e9lectriques KV 280\" srcset=\"https:\/\/gruposanz.es\/wp-content\/uploads\/2024\/08\/KV280_555x555-01-360x360.jpg 360w, https:\/\/gruposanz.es\/wp-content\/uploads\/2024\/08\/KV280_555x555-01-262x262.jpg 262w, https:\/\/gruposanz.es\/wp-content\/uploads\/2024\/08\/KV280_555x555-01-1024x1024.jpg 1024w, https:\/\/gruposanz.es\/wp-content\/uploads\/2024\/08\/KV280_555x555-01-150x150.jpg 150w, https:\/\/gruposanz.es\/wp-content\/uploads\/2024\/08\/KV280_555x555-01-768x768.jpg 768w, https:\/\/gruposanz.es\/wp-content\/uploads\/2024\/08\/KV280_555x555-01-1536x1536.jpg 1536w, https:\/\/gruposanz.es\/wp-content\/uploads\/2024\/08\/KV280_555x555-01-2048x2048.jpg 2048w, https:\/\/gruposanz.es\/wp-content\/uploads\/2024\/08\/KV280_555x555-01-555x555.jpg 555w, https:\/\/gruposanz.es\/wp-content\/uploads\/2024\/08\/KV280_555x555-01-100x100.jpg 100w\" sizes=\"auto, (max-width: 360px) 100vw, 360px\" \/>        <div class=\"product-image-wrapper hover-effect-disable\">\n                <a class=\"product-content-image\" href=\"https:\/\/gruposanz.es\/fr\/producto\/secateurs-electriques-kv-280\" data-images=\"\">\n                                                            <img loading=\"lazy\" decoding=\"async\" width=\"360\" height=\"360\" src=\"https:\/\/gruposanz.es\/wp-content\/uploads\/2024\/08\/KV280_555x555-01-360x360.jpg\" class=\"attachment-woocommerce_thumbnail size-woocommerce_thumbnail wp-post-image\" alt=\"S\u00e9cateurs \u00e9lectriques KV 280\" title=\"S\u00e9cateurs \u00e9lectriques KV 280\" srcset=\"https:\/\/gruposanz.es\/wp-content\/uploads\/2024\/08\/KV280_555x555-01-360x360.jpg 360w, https:\/\/gruposanz.es\/wp-content\/uploads\/2024\/08\/KV280_555x555-01-262x262.jpg 262w, https:\/\/gruposanz.es\/wp-content\/uploads\/2024\/08\/KV280_555x555-01-1024x1024.jpg 1024w, https:\/\/gruposanz.es\/wp-content\/uploads\/2024\/08\/KV280_555x555-01-150x150.jpg 150w, https:\/\/gruposanz.es\/wp-content\/uploads\/2024\/08\/KV280_555x555-01-768x768.jpg 768w, https:\/\/gruposanz.es\/wp-content\/uploads\/2024\/08\/KV280_555x555-01-1536x1536.jpg 1536w, https:\/\/gruposanz.es\/wp-content\/uploads\/2024\/08\/KV280_555x555-01-2048x2048.jpg 2048w, https:\/\/gruposanz.es\/wp-content\/uploads\/2024\/08\/KV280_555x555-01-555x555.jpg 555w, https:\/\/gruposanz.es\/wp-content\/uploads\/2024\/08\/KV280_555x555-01-100x100.jpg 100w\" sizes=\"auto, (max-width: 360px) 100vw, 360px\" \/>                                    <\/a>\n                        <\/div>\n\n        <div class=\"text-center product-details\">\n            \n                            <div class=\"product-title\">\n                   <a href=\"https:\/\/gruposanz.es\/fr\/producto\/secateurs-electriques-kv-280\">S\u00e9cateurs \u00e9lectriques KV 280<\/a>\n                <\/div>\n            \n            \n            <div class=\"product-excerpt\">\n                <h3 style=\"text-align: center;\"><span style=\"color: #ffffff;\"><strong>Notre objectif est d\u00b4avoir la plus large gamme d\u00b4outils pour la taille, autant pour des cultures basses comme en hauteurs et qui soient accessibles pour le plus grand nombre d\u00b4utilisateurs.<\/strong><\/span><\/h3>            <\/div>\n\n                    <\/div>\n    <\/div>\n<\/div>\n\n                \n            <\/div> <!-- .row -->\n        <\/div>[\/vc_column][\/vc_row][vc_row full_width=&#8221;stretch_row_content_no_spaces&#8221; css=&#8221;.vc_custom_1564420841971{margin-bottom: 20px !important;}&#8221;][vc_column][vc_column_text]\n\t\t<!-- MasterSlider -->\n\t\t<div id=\"P_MS69f4612ceadbe\" class=\"master-slider-parent ms-parent-id-7\" style=\"\" >\n\n\t\t\t\n\t\t\t<!-- MasterSlider Main -->\n\t\t\t<div id=\"MS69f4612ceadbe\" class=\"master-slider ms-skin-default\" >\n\t\t\t\t \t\t\t\t \n\n\t\t\t<div  class=\"ms-slide\" data-delay=\"3\" data-fill-mode=\"fill\"   >\n\t\t\t\t\t<img decoding=\"async\" src=\"https:\/\/gruposanz.es\/wp-content\/plugins\/masterslider-installable\/public\/assets\/css\/blank.gif\" alt=\"\" title=\"Slider_nueva-imagen-2017-1\" data-src=\"https:\/\/gruposanz.es\/wp-content\/uploads\/2015\/10\/Slider_nueva-imagen-2017-1-1.jpg\" \/>\n\t<a href=\"https:\/\/gruposanz.es\/fr\/kamikaze\"     >Slider_nueva-imagen-2017-1<\/a>\n\n\n\t\t\t\t<\/div>\n\t\t\t<div  class=\"ms-slide\" data-delay=\"3\" data-fill-mode=\"fill\"   >\n\t\t\t\t\t<img decoding=\"async\" src=\"https:\/\/gruposanz.es\/wp-content\/plugins\/masterslider-installable\/public\/assets\/css\/blank.gif\" alt=\"\" title=\"SliderPulmic3\" data-src=\"https:\/\/gruposanz.es\/wp-content\/uploads\/2015\/10\/SliderPulmic3-1.jpg\" \/>\n\t<a href=\"https:\/\/gruposanz.es\/fr\/pulmic\"     >SliderPulmic3<\/a>\n\n\n\t\t\t\t<\/div>\n\t\t\t<div  class=\"ms-slide\" data-delay=\"3\" data-fill-mode=\"fill\"   >\n\t\t\t\t\t<img decoding=\"async\" src=\"https:\/\/gruposanz.es\/wp-content\/plugins\/masterslider-installable\/public\/assets\/css\/blank.gif\" alt=\"\" title=\"151208-keeper-slider-2\" data-src=\"https:\/\/gruposanz.es\/wp-content\/uploads\/2015\/10\/151208-keeper-slider-2-1.jpg\" \/>\n\t<a href=\"https:\/\/gruposanz.es\/fr\/keeper\"     >151208-keeper-slider-2<\/a>\n\n\n\t\t\t\t<\/div>\n\n\t\t\t<\/div>\n\t\t\t<!-- END MasterSlider Main -->\n\n\t\t\t \n\t\t<\/div>\n\t\t<!-- END MasterSlider -->\n\n\t\t<script>\n\t\t( window.MSReady = window.MSReady || [] ).push( function( $ ) {\n\n\t\t\t\"use strict\";\n\t\t\tvar masterslider_adbe = new MasterSlider();\n\n\t\t\t\/\/ slider controls\n\t\t\tmasterslider_adbe.control('arrows'     ,{ autohide:false, overVideo:false  });\n\t\t\t\/\/ slider setup\n\t\t\tmasterslider_adbe.setup(\"MS69f4612ceadbe\", {\n\t\t\t\twidth           : 2040,\n\t\t\t\theight          : 600,\n\t\t\t\tminHeight       : 0,\n\t\t\t\tspace           : 0,\n\t\t\t\tstart           : 1,\n\t\t\t\tgrabCursor      : true,\n\t\t\t\tswipe           : true,\n\t\t\t\tmouse           : true,\n\t\t\t\tkeyboard        : false,\n\t\t\t\tlayout          : \"fullwidth\",\n\t\t\t\twheel           : false,\n\t\t\t\tautoplay        : true,\n                instantStartLayers:false,\n\t\t\t\tmobileBGVideo:false,\n\t\t\t\tloop            : true,\n\t\t\t\tshuffle         : false,\n\t\t\t\tpreload         : 0,\n\t\t\t\theightLimit     : true,\n\t\t\t\tautoHeight      : true,\n\t\t\t\tsmoothHeight    : true,\n\t\t\t\tendPause        : false,\n\t\t\t\toverPause       : true,\n\t\t\t\tfillMode        : \"fill\",\n\t\t\t\tcenterControls  : true,\n\t\t\t\tstartOnAppear   : false,\n\t\t\t\tlayersMode      : \"center\",\n\t\t\t\tautofillTarget  : \"\",\n\t\t\t\thideLayers      : false,\n\t\t\t\tfullscreenMargin: 0,\n\t\t\t\tspeed           : 20,\n\t\t\t\tdir             : \"h\",\n\t\t\t\tresponsive      : true,\n\t\t\t\ttabletWidth     : 768,\n\t\t\t\ttabletHeight    : null,\n\t\t\t\tphoneWidth      : 480,\n\t\t\t\tphoneHeight    : null,\n\t\t\t\tsizingReference : window,\n\t\t\t\tparallaxMode    : 'swipe',\n\t\t\t\tview            : \"basic\"\n\t\t\t});\n\n\t\t\t\n\t\t\twindow.masterslider_instances = window.masterslider_instances || [];\n\t\t\twindow.masterslider_instances.push( masterslider_adbe );\n\t\t});\n\t\t<\/script>\n\n[\/vc_column_text][\/vc_column][\/vc_row][vc_row][vc_column][vc_cta h2=&#8221;ACTIVER VOTRE GARANTIE ICI&#8221; shape=&#8221;square&#8221; add_button=&#8221;right&#8221; btn_title=&#8221;Activer la garantie&#8221; btn_style=&#8221;custom&#8221; btn_custom_background=&#8221;#a4aeb0&#8243; btn_custom_text=&#8221;#ffffff&#8221; btn_shape=&#8221;square&#8221; btn_i_icon_fontawesome=&#8221;fa fa-check-square-o&#8221; btn_add_icon=&#8221;true&#8221; btn_link=&#8221;url:%2Ffr%2Factivation-de-la-garantie|title:Activation%20de%20la%20garantie||&#8221;]Avez-vous achet\u00e9 certains de nos produits avec garantie? Pulmic Pegasus, Kamikaze Vareador, Ciseaux \u00e9lectriques KM-890 ou l\u2019une de ses variantes? Ensuite, vous pouvez activer la garantie en donnant ce bouton.[\/vc_cta][\/vc_column][\/vc_row][vc_row css=&#8221;.vc_custom_1769535181436{margin-bottom: 30px !important;}&#8221;][vc_column][vc_column_text]<\/p>\n<h2 style=\"text-align: center;\">Derniers articles de blog<\/h2>\n<hr class=\"divider horizontal-break\" style=\"margin-top: 15px; margin-bottom: 13px; background: rgba(217,217,217,0.5);\" \/>\n<p>[\/vc_column_text][vc_basic_grid post_type=&#8221;post&#8221; max_items=&#8221;4&#8243; element_width=&#8221;3&#8243; item=&#8221;45316&#8243; grid_id=&#8221;vc_gid:1777445903012-3a56681c-46ba-10&#8243;][\/vc_column][\/vc_row][vc_row css=&#8221;.vc_custom_1581005516451{margin-bottom: 50px !important;}&#8221;][vc_column][vc_column_text]<\/p>\n<h2 style=\"text-align: center;\">Avez-vous un doute? Nous contacter<\/h2>\n<hr class=\"divider horizontal-break\" style=\"margin-top: 15px; margin-bottom: 13px; background: rgba(217,217,217,0.5);\" \/>\n<p>[\/vc_column_text][vc_row_inner][vc_column_inner width=&#8221;1\/2&#8243;]\n<div class=\"wpcf7 no-js\" id=\"wpcf7-f46138-o1\" lang=\"fr-FR\" dir=\"ltr\">\n<div class=\"screen-reader-response\"><p role=\"status\" aria-live=\"polite\" aria-atomic=\"true\"><\/p> <ul><\/ul><\/div>\n<form action=\"\/fr\/wp-json\/wp\/v2\/pages\/22989#wpcf7-f46138-o1\" method=\"post\" class=\"wpcf7-form init\" aria-label=\"Formulaire de contact\" novalidate=\"novalidate\" data-status=\"init\">\n<div style=\"display: none;\">\n<input type=\"hidden\" name=\"_wpcf7\" value=\"46138\" \/>\n<input type=\"hidden\" name=\"_wpcf7_version\" value=\"5.9.3\" \/>\n<input type=\"hidden\" name=\"_wpcf7_locale\" value=\"fr_FR\" \/>\n<input type=\"hidden\" name=\"_wpcf7_unit_tag\" value=\"wpcf7-f46138-o1\" \/>\n<input type=\"hidden\" name=\"_wpcf7_container_post\" value=\"0\" \/>\n<input type=\"hidden\" name=\"_wpcf7_posted_data_hash\" value=\"\" \/>\n<input type=\"hidden\" name=\"_wpcf7cf_hidden_group_fields\" value=\"[]\" \/>\n<input type=\"hidden\" name=\"_wpcf7cf_hidden_groups\" value=\"[]\" \/>\n<input type=\"hidden\" name=\"_wpcf7cf_visible_groups\" value=\"[]\" \/>\n<input type=\"hidden\" name=\"_wpcf7cf_repeaters\" value=\"[]\" \/>\n<input type=\"hidden\" name=\"_wpcf7cf_steps\" value=\"{}\" \/>\n<input type=\"hidden\" name=\"_wpcf7cf_options\" value=\"{&quot;form_id&quot;:46138,&quot;conditions&quot;:[{&quot;then_field&quot;:&quot;pronvinciaesp&quot;,&quot;and_rules&quot;:[{&quot;if_field&quot;:&quot;paisexport&quot;,&quot;operator&quot;:&quot;equals&quot;,&quot;if_value&quot;:&quot;Spain&quot;}]},{&quot;then_field&quot;:&quot;provinciaworld&quot;,&quot;and_rules&quot;:[{&quot;if_field&quot;:&quot;paisexport&quot;,&quot;operator&quot;:&quot;not equals&quot;,&quot;if_value&quot;:&quot;Spain&quot;}]},{&quot;then_field&quot;:&quot;postalcode&quot;,&quot;and_rules&quot;:[{&quot;if_field&quot;:&quot;paisexport&quot;,&quot;operator&quot;:&quot;equals&quot;,&quot;if_value&quot;:&quot;Spain&quot;}]}],&quot;settings&quot;:{&quot;animation&quot;:&quot;yes&quot;,&quot;animation_intime&quot;:200,&quot;animation_outtime&quot;:200,&quot;conditions_ui&quot;:&quot;normal&quot;,&quot;notice_dismissed&quot;:false}}\" \/>\n<input type=\"hidden\" name=\"redirect_nonce\" value=\"f4290404d1\" \/>\n<input type=\"hidden\" name=\"wpcf7cfpdf_hidden_name\" value=\"document-pdf\" \/>\n<input type=\"hidden\" name=\"wpcf7cfpdf_hidden_reference\" value=\"9d6d3adc\" \/>\n<input type=\"hidden\" name=\"wpcf7cfpdf_hidden_date\" value=\"05012026\" \/>\n<\/div>\n<style>\ntextarea{width:97.5% !important;}\ninput[type=submit]{background-color:#b7000c;}\ninput[type=submit]:hover{background-color:#000000;}\nselect{width:95%;}\nform > div:nth-child(7) > p > span > input{width:95%;}\n<\/style>\n<p style=\"width: 50%;float: left;\"><span class=\"wpcf7-form-control-wrap\" data-name=\"your-name\"><input size=\"40\" class=\"wpcf7-form-control wpcf7-text wpcf7-validates-as-required\" aria-required=\"true\" aria-invalid=\"false\" placeholder=\"Nom\" value=\"\" type=\"text\" name=\"your-name\" \/><\/span>\n<\/p>\n<p style=\"width: 50%;float: left;\"><span class=\"wpcf7-form-control-wrap\" data-name=\"your-email\"><input size=\"40\" class=\"wpcf7-form-control wpcf7-email wpcf7-validates-as-required wpcf7-text wpcf7-validates-as-email\" aria-required=\"true\" aria-invalid=\"false\" placeholder=\"Courrier \u00e9lectronique\" value=\"\" type=\"email\" name=\"your-email\" \/><\/span>\n<\/p>\n<p style=\"width: 50%;float: left;\"><span class=\"wpcf7-form-control-wrap\" data-name=\"paisexport\"><select class=\"wpcf7-form-control wpcf7-select wpcf7-validates-as-required\" aria-required=\"true\" aria-invalid=\"false\" name=\"paisexport\"><option value=\"Afghanistan\">Afghanistan<\/option><option value=\"Albania\">Albania<\/option><option value=\"Algeria\">Algeria<\/option><option value=\"American Samoa\">American Samoa<\/option><option value=\"Andorra\">Andorra<\/option><option value=\"Angola\">Angola<\/option><option value=\"Antigua and Barbuda\">Antigua and Barbuda<\/option><option value=\"Argentina\">Argentina<\/option><option value=\"Armenia\">Armenia<\/option><option value=\"Australia\">Australia<\/option><option value=\"Austria\">Austria<\/option><option value=\"Azerbaijan\">Azerbaijan<\/option><option value=\"Bahamas\">Bahamas<\/option><option value=\"Bahrain\">Bahrain<\/option><option value=\"Bangladesh\">Bangladesh<\/option><option value=\"Barbados\">Barbados<\/option><option value=\"Belarus\">Belarus<\/option><option value=\"Belgium\">Belgium<\/option><option value=\"Belize\">Belize<\/option><option value=\"Benin\">Benin<\/option><option value=\"Bhutan\">Bhutan<\/option><option value=\"Bolivia\">Bolivia<\/option><option value=\"Bosnia and Herzegovina\">Bosnia and Herzegovina<\/option><option value=\"Botswana\">Botswana<\/option><option value=\"Brazil\">Brazil<\/option><option value=\"Brunei\">Brunei<\/option><option value=\"Bulgaria\">Bulgaria<\/option><option value=\"Burkina Faso\">Burkina Faso<\/option><option value=\"Burundi\">Burundi<\/option><option value=\"Cambodia\">Cambodia<\/option><option value=\"Cameroon\">Cameroon<\/option><option value=\"Canad\u00e1\">Canad\u00e1<\/option><option value=\"Cape Verde\">Cape Verde<\/option><option value=\"Cayman Islands\">Cayman Islands<\/option><option value=\"Central African Republic\">Central African Republic<\/option><option value=\"Chad\">Chad<\/option><option value=\"Chile\">Chile<\/option><option value=\"China\">China<\/option><option value=\"Colombia\">Colombia<\/option><option value=\"Comoros\">Comoros<\/option><option value=\"Costa Rica\">Costa Rica<\/option><option value=\"Croatia\">Croatia<\/option><option value=\"Cuba\">Cuba<\/option><option value=\"Cyprus\">Cyprus<\/option><option value=\"Czech Republic\">Czech Republic<\/option><option value=\"Democratic Republic of the Congo\">Democratic Republic of the Congo<\/option><option value=\"Denmark\">Denmark<\/option><option value=\"Djibouti\">Djibouti<\/option><option value=\"Dominica\">Dominica<\/option><option value=\"Dominican Republic\">Dominican Republic<\/option><option value=\"East Timor\">East Timor<\/option><option value=\"Ecuador\">Ecuador<\/option><option value=\"Egypt\">Egypt<\/option><option value=\"El Salvador\">El Salvador<\/option><option value=\"Equatorial Guinea\">Equatorial Guinea<\/option><option value=\"Eritrea\">Eritrea<\/option><option value=\"Estonia\">Estonia<\/option><option value=\"Ethiopia\">Ethiopia<\/option><option value=\"Fiji\">Fiji<\/option><option value=\"Finland\">Finland<\/option><option value=\"France\" selected=\"selected\">France<\/option><option value=\"Gabon\">Gabon<\/option><option value=\"Gambia\">Gambia<\/option><option value=\"Georgia\">Georgia<\/option><option value=\"Germany\">Germany<\/option><option value=\"Ghana\">Ghana<\/option><option value=\"Greece\">Greece<\/option><option value=\"Grenada\">Grenada<\/option><option value=\"Guam\">Guam<\/option><option value=\"Guatemala\">Guatemala<\/option><option value=\"Guinea\">Guinea<\/option><option value=\"Guinea-Bissau\">Guinea-Bissau<\/option><option value=\"Guyana\">Guyana<\/option><option value=\"Haiti\">Haiti<\/option><option value=\"Honduras\">Honduras<\/option><option value=\"Hong Kong\">Hong Kong<\/option><option value=\"Hungary\">Hungary<\/option><option value=\"Iceland\">Iceland<\/option><option value=\"India\">India<\/option><option value=\"Indonesia\">Indonesia<\/option><option value=\"Iran\">Iran<\/option><option value=\"Iraq\">Iraq<\/option><option value=\"Ireland\">Ireland<\/option><option value=\"Israel\">Israel<\/option><option value=\"Italy\">Italy<\/option><option value=\"Ivory Coast\">Ivory Coast<\/option><option value=\"Jamaica\">Jamaica<\/option><option value=\"Japan\">Japan<\/option><option value=\"Jordan\">Jordan<\/option><option value=\"Kazakhstan\">Kazakhstan<\/option><option value=\"Kenya\">Kenya<\/option><option value=\"Kiribati\">Kiribati<\/option><option value=\"Kosovo\">Kosovo<\/option><option value=\"Kuwait\">Kuwait<\/option><option value=\"Kyrgyzstan\">Kyrgyzstan<\/option><option value=\"Lao\">Lao<\/option><option value=\"Latvia\">Latvia<\/option><option value=\"Lebanon\">Lebanon<\/option><option value=\"Lesotho\">Lesotho<\/option><option value=\"Liberia\">Liberia<\/option><option value=\"Libya\">Libya<\/option><option value=\"Liechtenstein\">Liechtenstein<\/option><option value=\"Lithuania\">Lithuania<\/option><option value=\"Luxembourg\">Luxembourg<\/option><option value=\"Madagascar\">Madagascar<\/option><option value=\"Malawi\">Malawi<\/option><option value=\"Malaysia\">Malaysia<\/option><option value=\"Maldives\">Maldives<\/option><option value=\"Mali\">Mali<\/option><option value=\"Malta\">Malta<\/option><option value=\"Marshall Islands\">Marshall Islands<\/option><option value=\"Mauritania\">Mauritania<\/option><option value=\"Mauritius\">Mauritius<\/option><option value=\"Mexico\">Mexico<\/option><option value=\"Micronesia\">Micronesia<\/option><option value=\"Moldova\">Moldova<\/option><option value=\"Monaco\">Monaco<\/option><option value=\"Mongolia\">Mongolia<\/option><option value=\"Montenegro\">Montenegro<\/option><option value=\"Morocco\">Morocco<\/option><option value=\"Mozambique\">Mozambique<\/option><option value=\"Myanmar\">Myanmar<\/option><option value=\"Namibia\">Namibia<\/option><option value=\"Nauru\">Nauru<\/option><option value=\"Nepal\">Nepal<\/option><option value=\"Netherlands\">Netherlands<\/option><option value=\"New Zealand\">New Zealand<\/option><option value=\"Nicaragua\">Nicaragua<\/option><option value=\"Niger\">Niger<\/option><option value=\"Nigeria\">Nigeria<\/option><option value=\"North Korea\">North Korea<\/option><option value=\"North Macedonia\">North Macedonia<\/option><option value=\"Norway\">Norway<\/option><option value=\"Oman\">Oman<\/option><option value=\"Pakistan\">Pakistan<\/option><option value=\"Palau\">Palau<\/option><option value=\"Palestine\">Palestine<\/option><option value=\"Panama\">Panama<\/option><option value=\"Papua New Guinea\">Papua New Guinea<\/option><option value=\"Paraguay\">Paraguay<\/option><option value=\"Peru\">Peru<\/option><option value=\"Philippines\">Philippines<\/option><option value=\"Poland\">Poland<\/option><option value=\"Portugal\">Portugal<\/option><option value=\"Puerto Rico\">Puerto Rico<\/option><option value=\"Qatar\">Qatar<\/option><option value=\"Romania\">Romania<\/option><option value=\"Russia\">Russia<\/option><option value=\"Rwanda\">Rwanda<\/option><option value=\"Saint Lucia\">Saint Lucia<\/option><option value=\"Saint Vincent and the Grenadines\">Saint Vincent and the Grenadines<\/option><option value=\"Samoa\">Samoa<\/option><option value=\"San Marino\">San Marino<\/option><option value=\"Sao Tome and Pr\u00edncipe\">Sao Tome and Pr\u00edncipe<\/option><option value=\"Saudi Arabia\">Saudi Arabia<\/option><option value=\"Senegal\">Senegal<\/option><option value=\"Serbia\">Serbia<\/option><option value=\"Seychelles\">Seychelles<\/option><option value=\"Sierra Leone\">Sierra Leone<\/option><option value=\"Singapore\">Singapore<\/option><option value=\"Slovakia\">Slovakia<\/option><option value=\"Slovenia\">Slovenia<\/option><option value=\"Somalia\">Somalia<\/option><option value=\"South Africa\">South Africa<\/option><option value=\"South Korea\">South Korea<\/option><option value=\"South Sudan\">South Sudan<\/option><option value=\"Spain\">Spain<\/option><option value=\"Sri Lanka\">Sri Lanka<\/option><option value=\"Sudan\">Sudan<\/option><option value=\"Suriname\">Suriname<\/option><option value=\"Sweden\">Sweden<\/option><option value=\"Switzerland\">Switzerland<\/option><option value=\"Syria\">Syria<\/option><option value=\"Taiwan\">Taiwan<\/option><option value=\"Tanzania\">Tanzania<\/option><option value=\"Thailand\">Thailand<\/option><option value=\"Togo\">Togo<\/option><option value=\"Tonga\">Tonga<\/option><option value=\"Trinidad and Tobago\">Trinidad and Tobago<\/option><option value=\"Tunisia\">Tunisia<\/option><option value=\"Turkey\">Turkey<\/option><option value=\"Turkmenistan\">Turkmenistan<\/option><option value=\"Tuvalu\">Tuvalu<\/option><option value=\"Uganda\">Uganda<\/option><option value=\"Ukraine\">Ukraine<\/option><option value=\"United Arab Emirates\">United Arab Emirates<\/option><option value=\"United Kingdom\">United Kingdom<\/option><option value=\"United States\">United States<\/option><option value=\"Uruguay\">Uruguay<\/option><option value=\"Uzbekistan\">Uzbekistan<\/option><option value=\"Vanuatu\">Vanuatu<\/option><option value=\"Venezuela\">Venezuela<\/option><option value=\"Vietnam\">Vietnam<\/option><option value=\"Virgin Islands (British)\">Virgin Islands (British)<\/option><option value=\"Virgin Islands (U.S.)\">Virgin Islands (U.S.)<\/option><option value=\"Yemen\">Yemen<\/option><option value=\"Zambia\">Zambia<\/option><option value=\"Zimbabwe\">Zimbabwe<\/option><\/select><\/span>\n<\/p>\n<div data-id=\"pronvinciaesp\" data-orig_data_id=\"pronvinciaesp\"  data-class=\"wpcf7cf_group\">\n\t<p style=\"width: 50%;float: left;\"><span class=\"wpcf7-form-control-wrap\" data-name=\"provinciaes\"><select class=\"wpcf7-form-control wpcf7-select wpcf7-validates-as-required\" aria-required=\"true\" aria-invalid=\"false\" name=\"provinciaes\"><option value=\"\">Province<\/option><option value=\"\u00c1lava\">\u00c1lava<\/option><option value=\"Albacete\">Albacete<\/option><option value=\"Alicante\">Alicante<\/option><option value=\"Almer\u00eda\">Almer\u00eda<\/option><option value=\"Asturias\">Asturias<\/option><option value=\"Avila\">Avila<\/option><option value=\"Badajoz\">Badajoz<\/option><option value=\"Islas Baleares\">Islas Baleares<\/option><option value=\"Barcelona\">Barcelona<\/option><option value=\"Burgos\">Burgos<\/option><option value=\"C\u00e1ceres\">C\u00e1ceres<\/option><option value=\"C\u00e1diz\">C\u00e1diz<\/option><option value=\"Cantabria\">Cantabria<\/option><option value=\"Castell\u00f3n\">Castell\u00f3n<\/option><option value=\"Ceuta\">Ceuta<\/option><option value=\"Ciudad Real\">Ciudad Real<\/option><option value=\"C\u00f3rdoba\">C\u00f3rdoba<\/option><option value=\"La Coru\u00f1a\">La Coru\u00f1a<\/option><option value=\"Cuenca\">Cuenca<\/option><option value=\"Gerona\">Gerona<\/option><option value=\"Granada\">Granada<\/option><option value=\"Guadalajara\">Guadalajara<\/option><option value=\"Guip\u00fazcoa\">Guip\u00fazcoa<\/option><option value=\"Huelva\">Huelva<\/option><option value=\"Huesca\">Huesca<\/option><option value=\"Jaen\">Jaen<\/option><option value=\"Las Palmas\">Las Palmas<\/option><option value=\"Le\u00f3n\">Le\u00f3n<\/option><option value=\"L\u00e9rida\">L\u00e9rida<\/option><option value=\"La Rioja\">La Rioja<\/option><option value=\"Lugo\">Lugo<\/option><option value=\"Madrid\">Madrid<\/option><option value=\"M\u00e1laga\">M\u00e1laga<\/option><option value=\"Melilla\">Melilla<\/option><option value=\"Murcia\">Murcia<\/option><option value=\"Navarra\">Navarra<\/option><option value=\"Orense\">Orense<\/option><option value=\"Palencia\">Palencia<\/option><option value=\"Pontevedra\">Pontevedra<\/option><option value=\"Salamanca\">Salamanca<\/option><option value=\"S.C. Tenerife\">S.C. Tenerife<\/option><option value=\"Segovia\">Segovia<\/option><option value=\"Sevilla\">Sevilla<\/option><option value=\"Soria\">Soria<\/option><option value=\"Tarragona\">Tarragona<\/option><option value=\"Teruel\">Teruel<\/option><option value=\"Toledo\">Toledo<\/option><option value=\"Valencia\">Valencia<\/option><option value=\"Valladolid\">Valladolid<\/option><option value=\"Vizcaya\">Vizcaya<\/option><option value=\"Zamora\">Zamora<\/option><option value=\"Zaragoza\">Zaragoza<\/option><\/select><\/span>\n\t<\/p>\n<\/div>\n<div data-id=\"postalcode\" data-orig_data_id=\"postalcode\"  data-class=\"wpcf7cf_group\">\n\t<p style=\"width:50%;float: left;\"><span class=\"wpcf7-form-control-wrap\" data-name=\"codigopostal\"><input class=\"wpcf7-form-control wpcf7-number wpcf7-validates-as-required wpcf7-validates-as-number\" min=\"01000\" max=\"52999\" aria-required=\"true\" aria-invalid=\"false\" placeholder=\"Code Postal\" value=\"\" type=\"number\" name=\"codigopostal\" \/><\/span>\n\t<\/p>\n<\/div>\n<div data-id=\"provinciaworld\" data-orig_data_id=\"provinciaworld\"  data-class=\"wpcf7cf_group\">\n\t<p style=\"width: 50%;float: left;\"><span class=\"wpcf7-form-control-wrap\" data-name=\"provinciawo\"><input size=\"40\" class=\"wpcf7-form-control wpcf7-text wpcf7-validates-as-required\" aria-required=\"true\" aria-invalid=\"false\" placeholder=\"Province\" value=\"\" type=\"text\" name=\"provinciawo\" \/><\/span>\n\t<\/p>\n<\/div>\n<p style=\"width: 50%;float: left;\"><span class=\"wpcf7-form-control-wrap\" data-name=\"telefono\"><input size=\"40\" class=\"wpcf7-form-control wpcf7-tel wpcf7-validates-as-required wpcf7-text wpcf7-validates-as-tel\" aria-required=\"true\" aria-invalid=\"false\" placeholder=\"T\u00e9l\u00e9phone\" value=\"\" type=\"tel\" name=\"telefono\" \/><\/span>\n<\/p>\n<p style=\"width: 50%;float: left;\"><span class=\"wpcf7-form-control-wrap\" data-name=\"distribuidor\"><select class=\"wpcf7-form-control wpcf7-select wpcf7-validates-as-required\" aria-required=\"true\" aria-invalid=\"false\" name=\"distribuidor\"><option value=\"\">\u00cates-vous une entreprise ou un priv\u00e9?<\/option><option value=\"Distributeur\">Distributeur<\/option><option value=\"Point de vente\">Point de vente<\/option><option value=\"Fournisseur\">Fournisseur<\/option><option value=\"Priv\u00e9\">Priv\u00e9<\/option><\/select><\/span>\n<\/p>\n<p style=\"width: 100%;\"><span class=\"wpcf7-form-control-wrap\" data-name=\"your-message\"><textarea cols=\"154\" rows=\"3\" class=\"wpcf7-form-control wpcf7-textarea wpcf7-validates-as-required\" aria-required=\"true\" aria-invalid=\"false\" placeholder=\"Message\" name=\"your-message\"><\/textarea><\/span>\n<\/p>\n<p><span class=\"wpcf7-form-control-wrap\" data-name=\"aviso-legal\"><span class=\"wpcf7-form-control wpcf7-checkbox wpcf7-validates-as-required\"><span class=\"wpcf7-list-item first last\"><input type=\"checkbox\" name=\"aviso-legal[]\" value=\"Je l&#039;ai lu et accepte la politique de confidentialit\u00e9 Grupo Sanz\" \/><span class=\"wpcf7-list-item-label\">Je l&#039;ai lu et accepte la politique de confidentialit\u00e9 Grupo Sanz<\/span><\/span><\/span><\/span> | <a href=\"\/fr\/politique-de-confidentialite\" target=\"_blank\">Politique de confidentialit\u00e9<\/a>\n<\/p>\n<h5>Informations sur la protection des donn\u00e9es\n<\/h5>\n<p>Personne responsable: Sanz Hermanos Valencia SL. Fin du traitement: R\u00e9pondez aux questions envoy\u00e9es \u00e0 l'entreprise, ainsi qu'aux demandes d'informations sur les produits et services que nous proposons. L\u00e9gitimation: Votre consentement. Communication des donn\u00e9es: Les donn\u00e9es ne seront pas communiqu\u00e9es \u00e0 des tiers sauf par obligation l\u00e9gale. Droits: Acc\u00e8s, rectification, opposition, suppression, d\u00e9cisions automatis\u00e9es, limitation, portabilit\u00e9. Contact: <a href=\"mailto:rgpd@gruposanz.es\">rgpd@gruposanz.es<\/a>. Informations suppl\u00e9mentaires dans: <a href=\"\/fr\/politique-de-confidentialite\" target=\"_blank\">notre politique de confidentialit\u00e9.<\/a>.\n<\/p>\n<p><input class=\"wpcf7-form-control wpcf7-submit has-spinner\" type=\"submit\" value=\"Envoyer\" \/>\n<\/p><p style=\"display: none !important;\" class=\"akismet-fields-container\" data-prefix=\"_wpcf7_ak_\"><label>&#916;<textarea name=\"_wpcf7_ak_hp_textarea\" cols=\"45\" rows=\"8\" maxlength=\"100\"><\/textarea><\/label><input type=\"hidden\" id=\"ak_js_1\" name=\"_wpcf7_ak_js\" value=\"213\"\/><script type=\"text\/javascript\">\n\/* <![CDATA[ *\/\ndocument.getElementById( \"ak_js_1\" ).setAttribute( \"value\", ( new Date() ).getTime() );\n\/* ]]> *\/\n<\/script>\n<\/p><div class=\"wpcf7-response-output\" aria-hidden=\"true\"><\/div>\n<\/form>\n<\/div>\n[\/vc_column_inner][vc_column_inner width=&#8221;1\/2&#8243;][vc_single_image image=&#8221;46587&#8243; img_size=&#8221;full&#8221; alignment=&#8221;center&#8221;][\/vc_column_inner][\/vc_row_inner][\/vc_column][\/vc_row][vc_row full_width=&#8221;stretch_row&#8221; css=&#8221;.vc_custom_1769535191675{margin-top: 50px !important;background-color: #f5f5f5 !important;}&#8221;][vc_column][vc_column_text]<\/p>\n<h2 style=\"text-align: center;\">Les enterprises qui sont\u00a0GrupoSanz<\/h2>\n<hr class=\"divider horizontal-break\" style=\"margin-top: 15px; margin-bottom: 13px; background: rgba(217,217,217,0.5);\" \/>\n<p>[\/vc_column_text][vc_row_inner][vc_column_inner width=&#8221;1\/4&#8243;][vc_single_image image=&#8221;67621&#8243; img_size=&#8221;full&#8221; alignment=&#8221;center&#8221; onclick=&#8221;custom_link&#8221; link=&#8221;\/fr\/sanz-hermanos-fr&#8221;][vc_column_text]<\/p>\n<p style=\"text-align: center;\"><strong>Sanz<span style=\"color: #b60004;\">Hermanos<\/span><\/strong>\u00a0charg\u00e9e de la fabrication, commercialisation, distribution et promotion de produits pour les secteurs de l\u2019agriculture, du jardinage, de la sant\u00e9 publique et de la sant\u00e9 animale.<\/p>\n<p>[\/vc_column_text][\/vc_column_inner][vc_column_inner width=&#8221;1\/4&#8243;][vc_single_image image=&#8221;67626&#8243; img_size=&#8221;full&#8221; alignment=&#8221;center&#8221; onclick=&#8221;custom_link&#8221; link=&#8221;\/fr\/agroplastic&#8221;][vc_column_text]<\/p>\n<p style=\"text-align: center;\">En 1999, l\u2019entreprise<strong><span style=\"color: #1d99c4;\"> Agro<\/span>plastic<\/strong>\u00a0\u00a0joint le groupe Sanz pour se charger de la fabrication de <strong>pi\u00e8ces en plastique moyennant le processus de moulage par injection.<\/strong><\/p>\n<p>[\/vc_column_text][\/vc_column_inner][vc_column_inner width=&#8221;1\/4&#8243;][vc_single_image image=&#8221;67631&#8243; img_size=&#8221;full&#8221; alignment=&#8221;center&#8221; onclick=&#8221;custom_link&#8221; link=&#8221;\/fr\/promattec&#8221;][vc_column_text]<\/p>\n<p style=\"text-align: center;\"><span style=\"color: #98027e;\"><strong>Promattec <\/strong><\/span>est l\u2019entreprise du Groupe Sanz charg\u00e9e du <strong>design et de la fabrication de moules d\u2019injection de plastique et du moulage par soufflage.<\/strong><\/p>\n<p>[\/vc_column_text][\/vc_column_inner][vc_column_inner width=&#8221;1\/4&#8243;][vc_single_image image=&#8221;67636&#8243; img_size=&#8221;full&#8221; alignment=&#8221;center&#8221; onclick=&#8221;custom_link&#8221; link=&#8221;\/fr\/fondation-sanz&#8221;][vc_column_text]<\/p>\n<p style=\"text-align: center;\">La <strong><span style=\"color: #fab117;\">Fundaci\u00f3n<\/span> Familia Sanz<\/strong> est une fondation priv\u00e9e sans but lucratif et pluraliste, afin de contribuer au d\u00e9veloppement durable.<\/p>\n<p>[\/vc_column_text][\/vc_column_inner][\/vc_row_inner][\/vc_column][\/vc_row]<\/p>\n<\/div>","protected":false},"excerpt":{"rendered":"<p>&#8230;<\/p>\n","protected":false},"author":3,"featured_media":56437,"parent":0,"menu_order":0,"comment_status":"open","ping_status":"open","template":"","meta":{"footnotes":""},"class_list":["post-22989","page","type-page","status-publish","has-post-thumbnail","hentry"],"yoast_head":"<!-- This site is optimized with the Yoast SEO plugin v27.5 - https:\/\/yoast.com\/product\/yoast-seo-wordpress\/ -->\n<title>Grupo Sanz - Sp\u00e9cialistes en outils pour l&#039;agriculture et le jardinage<\/title>\n<meta name=\"description\" content=\"Bienvenidos a Grupo Sanz (Sanz Hermanos SL). En ella puedes encontrar todo lo referente a la empresa as\u00ed como todos nuestros productos\" \/>\n<meta name=\"robots\" content=\"index, follow, max-snippet:-1, max-image-preview:large, max-video-preview:-1\" \/>\n<link rel=\"canonical\" href=\"https:\/\/gruposanz.es\/fr\" \/>\n<meta property=\"og:locale\" content=\"fr_FR\" \/>\n<meta property=\"og:type\" content=\"article\" \/>\n<meta property=\"og:title\" content=\"Grupo Sanz\" \/>\n<meta property=\"og:description\" content=\"Bienvenido a la p\u00e1gina de Grupo Sanz (Sanz Hermanos SL). Puedes encontrar productos de agricultura y jardiner\u00eda, como pulverizadores, tijeras de poda...\" \/>\n<meta property=\"og:url\" content=\"https:\/\/gruposanz.es\/fr\" \/>\n<meta property=\"og:site_name\" content=\"Grupo Sanz\" \/>\n<meta property=\"article:modified_time\" content=\"2026-04-29T06:59:54+00:00\" \/>\n<meta property=\"og:image\" content=\"https:\/\/gruposanz.es\/wp-content\/uploads\/2015\/10\/Home-Grupo-Sanz.jpg\" \/>\n\t<meta property=\"og:image:width\" content=\"1920\" \/>\n\t<meta property=\"og:image:height\" content=\"1080\" \/>\n\t<meta property=\"og:image:type\" content=\"image\/jpeg\" \/>\n<meta name=\"twitter:card\" content=\"summary_large_image\" \/>\n<meta name=\"twitter:title\" content=\"Grupo Sanz\" \/>\n<meta name=\"twitter:description\" content=\"Bienvenido a la p\u00e1gina de Grupo Sanz (Sanz Hermanos SL). Puedes encontrar productos de agricultura y jardiner\u00eda, como pulverizadores, tijeras de poda...\" \/>\n<meta name=\"twitter:label1\" content=\"Dur\u00e9e de lecture estim\u00e9e\" \/>\n\t<meta name=\"twitter:data1\" content=\"4 minutes\" \/>\n<script type=\"application\/ld+json\" class=\"yoast-schema-graph\">{\"@context\":\"https:\\\/\\\/schema.org\",\"@graph\":[{\"@type\":\"WebPage\",\"@id\":\"https:\\\/\\\/gruposanz.es\\\/fr\",\"url\":\"https:\\\/\\\/gruposanz.es\\\/fr\",\"name\":\"Grupo Sanz - Sp\u00e9cialistes en outils pour l'agriculture et le jardinage\",\"isPartOf\":{\"@id\":\"https:\\\/\\\/gruposanz.es\\\/fr\\\/#website\"},\"primaryImageOfPage\":{\"@id\":\"https:\\\/\\\/gruposanz.es\\\/fr#primaryimage\"},\"image\":{\"@id\":\"https:\\\/\\\/gruposanz.es\\\/fr#primaryimage\"},\"thumbnailUrl\":\"https:\\\/\\\/gruposanz.es\\\/wp-content\\\/uploads\\\/2015\\\/10\\\/Home-Grupo-Sanz.jpg\",\"datePublished\":\"2014-10-21T12:55:16+00:00\",\"dateModified\":\"2026-04-29T06:59:54+00:00\",\"description\":\"Bienvenidos a Grupo Sanz (Sanz Hermanos SL). En ella puedes encontrar todo lo referente a la empresa as\u00ed como todos nuestros productos\",\"breadcrumb\":{\"@id\":\"https:\\\/\\\/gruposanz.es\\\/fr#breadcrumb\"},\"inLanguage\":\"fr-FR\",\"potentialAction\":[{\"@type\":\"ReadAction\",\"target\":[\"https:\\\/\\\/gruposanz.es\\\/fr\"]}]},{\"@type\":\"ImageObject\",\"inLanguage\":\"fr-FR\",\"@id\":\"https:\\\/\\\/gruposanz.es\\\/fr#primaryimage\",\"url\":\"https:\\\/\\\/gruposanz.es\\\/wp-content\\\/uploads\\\/2015\\\/10\\\/Home-Grupo-Sanz.jpg\",\"contentUrl\":\"https:\\\/\\\/gruposanz.es\\\/wp-content\\\/uploads\\\/2015\\\/10\\\/Home-Grupo-Sanz.jpg\",\"width\":1920,\"height\":1080,\"caption\":\"Grupo Sanz - Pulverizaci\u00f3n y poda en agricultura y jard\u00edn\"},{\"@type\":\"BreadcrumbList\",\"@id\":\"https:\\\/\\\/gruposanz.es\\\/fr#breadcrumb\",\"itemListElement\":[{\"@type\":\"ListItem\",\"position\":1,\"name\":\"Inicio\",\"item\":\"https:\\\/\\\/gruposanz.es\\\/fr\"},{\"@type\":\"ListItem\",\"position\":2,\"name\":\"Accueil\"}]},{\"@type\":\"WebSite\",\"@id\":\"https:\\\/\\\/gruposanz.es\\\/fr\\\/#website\",\"url\":\"https:\\\/\\\/gruposanz.es\\\/fr\\\/\",\"name\":\"Grupo Sanz\",\"description\":\"Grupo Sanz, fabricantes de productos de pulverizaci\u00f3n y poda con sus marcas Pulmic, Kamikaze, Keeper y Siqua\",\"publisher\":{\"@id\":\"https:\\\/\\\/gruposanz.es\\\/fr\\\/#organization\"},\"potentialAction\":[{\"@type\":\"SearchAction\",\"target\":{\"@type\":\"EntryPoint\",\"urlTemplate\":\"https:\\\/\\\/gruposanz.es\\\/fr\\\/?s={search_term_string}\"},\"query-input\":{\"@type\":\"PropertyValueSpecification\",\"valueRequired\":true,\"valueName\":\"search_term_string\"}}],\"inLanguage\":\"fr-FR\"},{\"@type\":\"Organization\",\"@id\":\"https:\\\/\\\/gruposanz.es\\\/fr\\\/#organization\",\"name\":\"Grupo Sanz\",\"url\":\"https:\\\/\\\/gruposanz.es\\\/fr\\\/\",\"logo\":{\"@type\":\"ImageObject\",\"inLanguage\":\"fr-FR\",\"@id\":\"https:\\\/\\\/gruposanz.es\\\/fr\\\/#\\\/schema\\\/logo\\\/image\\\/\",\"url\":\"https:\\\/\\\/gruposanz.es\\\/wp-content\\\/uploads\\\/2022\\\/10\\\/LOGOTIPO-GRUPO-SANZ-vertical.png\",\"contentUrl\":\"https:\\\/\\\/gruposanz.es\\\/wp-content\\\/uploads\\\/2022\\\/10\\\/LOGOTIPO-GRUPO-SANZ-vertical.png\",\"width\":1418,\"height\":1418,\"caption\":\"Grupo Sanz\"},\"image\":{\"@id\":\"https:\\\/\\\/gruposanz.es\\\/fr\\\/#\\\/schema\\\/logo\\\/image\\\/\"},\"sameAs\":[\"https:\\\/\\\/www.linkedin.com\\\/company\\\/grupo-sanz-hermanos\",\"https:\\\/\\\/www.youtube.com\\\/user\\\/GrupoSanz\"]}]}<\/script>\n<!-- \/ Yoast SEO plugin. -->","yoast_head_json":{"title":"Grupo Sanz - Sp\u00e9cialistes en outils pour l'agriculture et le jardinage","description":"Bienvenidos a Grupo Sanz (Sanz Hermanos SL). En ella puedes encontrar todo lo referente a la empresa as\u00ed como todos nuestros productos","robots":{"index":"index","follow":"follow","max-snippet":"max-snippet:-1","max-image-preview":"max-image-preview:large","max-video-preview":"max-video-preview:-1"},"canonical":"https:\/\/gruposanz.es\/fr","og_locale":"fr_FR","og_type":"article","og_title":"Grupo Sanz","og_description":"Bienvenido a la p\u00e1gina de Grupo Sanz (Sanz Hermanos SL). Puedes encontrar productos de agricultura y jardiner\u00eda, como pulverizadores, tijeras de poda...","og_url":"https:\/\/gruposanz.es\/fr","og_site_name":"Grupo Sanz","article_modified_time":"2026-04-29T06:59:54+00:00","og_image":[{"width":1920,"height":1080,"url":"https:\/\/gruposanz.es\/wp-content\/uploads\/2015\/10\/Home-Grupo-Sanz.jpg","type":"image\/jpeg"}],"twitter_card":"summary_large_image","twitter_title":"Grupo Sanz","twitter_description":"Bienvenido a la p\u00e1gina de Grupo Sanz (Sanz Hermanos SL). Puedes encontrar productos de agricultura y jardiner\u00eda, como pulverizadores, tijeras de poda...","twitter_misc":{"Dur\u00e9e de lecture estim\u00e9e":"4 minutes"},"schema":{"@context":"https:\/\/schema.org","@graph":[{"@type":"WebPage","@id":"https:\/\/gruposanz.es\/fr","url":"https:\/\/gruposanz.es\/fr","name":"Grupo Sanz - Sp\u00e9cialistes en outils pour l'agriculture et le jardinage","isPartOf":{"@id":"https:\/\/gruposanz.es\/fr\/#website"},"primaryImageOfPage":{"@id":"https:\/\/gruposanz.es\/fr#primaryimage"},"image":{"@id":"https:\/\/gruposanz.es\/fr#primaryimage"},"thumbnailUrl":"https:\/\/gruposanz.es\/wp-content\/uploads\/2015\/10\/Home-Grupo-Sanz.jpg","datePublished":"2014-10-21T12:55:16+00:00","dateModified":"2026-04-29T06:59:54+00:00","description":"Bienvenidos a Grupo Sanz (Sanz Hermanos SL). En ella puedes encontrar todo lo referente a la empresa as\u00ed como todos nuestros productos","breadcrumb":{"@id":"https:\/\/gruposanz.es\/fr#breadcrumb"},"inLanguage":"fr-FR","potentialAction":[{"@type":"ReadAction","target":["https:\/\/gruposanz.es\/fr"]}]},{"@type":"ImageObject","inLanguage":"fr-FR","@id":"https:\/\/gruposanz.es\/fr#primaryimage","url":"https:\/\/gruposanz.es\/wp-content\/uploads\/2015\/10\/Home-Grupo-Sanz.jpg","contentUrl":"https:\/\/gruposanz.es\/wp-content\/uploads\/2015\/10\/Home-Grupo-Sanz.jpg","width":1920,"height":1080,"caption":"Grupo Sanz - Pulverizaci\u00f3n y poda en agricultura y jard\u00edn"},{"@type":"BreadcrumbList","@id":"https:\/\/gruposanz.es\/fr#breadcrumb","itemListElement":[{"@type":"ListItem","position":1,"name":"Inicio","item":"https:\/\/gruposanz.es\/fr"},{"@type":"ListItem","position":2,"name":"Accueil"}]},{"@type":"WebSite","@id":"https:\/\/gruposanz.es\/fr\/#website","url":"https:\/\/gruposanz.es\/fr\/","name":"Grupo Sanz","description":"Grupo Sanz, fabricantes de productos de pulverizaci\u00f3n y poda con sus marcas Pulmic, Kamikaze, Keeper y Siqua","publisher":{"@id":"https:\/\/gruposanz.es\/fr\/#organization"},"potentialAction":[{"@type":"SearchAction","target":{"@type":"EntryPoint","urlTemplate":"https:\/\/gruposanz.es\/fr\/?s={search_term_string}"},"query-input":{"@type":"PropertyValueSpecification","valueRequired":true,"valueName":"search_term_string"}}],"inLanguage":"fr-FR"},{"@type":"Organization","@id":"https:\/\/gruposanz.es\/fr\/#organization","name":"Grupo Sanz","url":"https:\/\/gruposanz.es\/fr\/","logo":{"@type":"ImageObject","inLanguage":"fr-FR","@id":"https:\/\/gruposanz.es\/fr\/#\/schema\/logo\/image\/","url":"https:\/\/gruposanz.es\/wp-content\/uploads\/2022\/10\/LOGOTIPO-GRUPO-SANZ-vertical.png","contentUrl":"https:\/\/gruposanz.es\/wp-content\/uploads\/2022\/10\/LOGOTIPO-GRUPO-SANZ-vertical.png","width":1418,"height":1418,"caption":"Grupo Sanz"},"image":{"@id":"https:\/\/gruposanz.es\/fr\/#\/schema\/logo\/image\/"},"sameAs":["https:\/\/www.linkedin.com\/company\/grupo-sanz-hermanos","https:\/\/www.youtube.com\/user\/GrupoSanz"]}]}},"_links":{"self":[{"href":"https:\/\/gruposanz.es\/fr\/wp-json\/wp\/v2\/pages\/22989","targetHints":{"allow":["GET"]}}],"collection":[{"href":"https:\/\/gruposanz.es\/fr\/wp-json\/wp\/v2\/pages"}],"about":[{"href":"https:\/\/gruposanz.es\/fr\/wp-json\/wp\/v2\/types\/page"}],"author":[{"embeddable":true,"href":"https:\/\/gruposanz.es\/fr\/wp-json\/wp\/v2\/users\/3"}],"replies":[{"embeddable":true,"href":"https:\/\/gruposanz.es\/fr\/wp-json\/wp\/v2\/comments?post=22989"}],"version-history":[{"count":23,"href":"https:\/\/gruposanz.es\/fr\/wp-json\/wp\/v2\/pages\/22989\/revisions"}],"predecessor-version":[{"id":108018,"href":"https:\/\/gruposanz.es\/fr\/wp-json\/wp\/v2\/pages\/22989\/revisions\/108018"}],"wp:featuredmedia":[{"embeddable":true,"href":"https:\/\/gruposanz.es\/fr\/wp-json\/wp\/v2\/media\/56437"}],"wp:attachment":[{"href":"https:\/\/gruposanz.es\/fr\/wp-json\/wp\/v2\/media?parent=22989"}],"curies":[{"name":"wp","href":"https:\/\/api.w.org\/{rel}","templated":true}]}}